{"id":2592,"date":"2023-09-20T13:41:05","date_gmt":"2023-09-20T13:41:05","guid":{"rendered":"https:\/\/www.cosmetinlyon.com\/who-we-are\/"},"modified":"2026-04-13T10:35:51","modified_gmt":"2026-04-13T10:35:51","slug":"who-we-are","status":"publish","type":"page","link":"https:\/\/www.cosmetinlyon.com\/en\/who-we-are\/","title":{"rendered":"Who we are"},"content":{"rendered":"<p>[et_pb_section fb_built=&#8221;1&#8243; custom_padding_last_edited=&#8221;on|phone&#8221; _builder_version=&#8221;4.22.1&#8243; _module_preset=&#8221;default&#8221; max_width=&#8221;1440px&#8221; module_alignment=&#8221;center&#8221; custom_padding=&#8221;|30px|4px|30px|false|true&#8221; custom_padding_tablet=&#8221;|30px|4px|30px|false|true&#8221; custom_padding_phone=&#8221;|15px||15px|false|true&#8221; locked=&#8221;off&#8221; global_colors_info=&#8221;{}&#8221;][et_pb_row _builder_version=&#8221;4.22.1&#8243; _module_preset=&#8221;default&#8221; module_alignment=&#8221;center&#8221; custom_margin=&#8221;0px|auto|4px|auto|false|false&#8221; custom_padding=&#8221;0px||1px||false|false&#8221; saved_tabs=&#8221;all&#8221; global_colors_info=&#8221;{}&#8221;][et_pb_column type=&#8221;4_4&#8243; _builder_version=&#8221;4.22.1&#8243; _module_preset=&#8221;default&#8221; global_colors_info=&#8221;{}&#8221;][et_pb_text _builder_version=&#8221;4.22.1&#8243; _module_preset=&#8221;default&#8221; header_font_size=&#8221;43px&#8221; header_line_height=&#8221;59px&#8221; header_2_font_size=&#8221;32px&#8221; background_enable_image=&#8221;off&#8221; background_size=&#8221;custom&#8221; background_image_height=&#8221;57px&#8221; background_position=&#8221;center_left&#8221; custom_margin=&#8221;0px||0px||false|false&#8221; custom_padding=&#8221;0px||8px|0px|false|false&#8221; global_colors_info=&#8221;{}&#8221;]<\/p>\n<h1 style=\"text-align: center;\"><img loading=\"lazy\" decoding=\"async\" class=\"wp-image-398 alignnone size-full\" style=\"font-size: 16px;\" src=\"https:\/\/www.cosmetinlyon.com\/wp-content\/uploads\/2023\/09\/Symbole3.png\" alt=\"\" width=\"48\" height=\"53\" \/>L&#8217;association Cosmetin Lyon<\/h1>\n<p>[\/et_pb_text][et_pb_divider divider_position=&#8221;bottom&#8221; divider_weight=&#8221;3px&#8221; _builder_version=&#8221;4.22.1&#8243; _module_preset=&#8221;default&#8221; max_width=&#8221;70px&#8221; module_alignment=&#8221;center&#8221; min_height=&#8221;24px&#8221; custom_margin=&#8221;0px||0px||false|false&#8221; custom_padding=&#8221;0px||0px||false|false&#8221; global_colors_info=&#8221;{}&#8221;][\/et_pb_divider][\/et_pb_column][\/et_pb_row][\/et_pb_section][et_pb_section fb_built=&#8221;1&#8243; custom_padding_last_edited=&#8221;on|phone&#8221; _builder_version=&#8221;4.22.1&#8243; _module_preset=&#8221;default&#8221; max_width=&#8221;1440px&#8221; module_alignment=&#8221;center&#8221; custom_margin=&#8221;40px||40px||true|false&#8221; custom_padding=&#8221;|30px|0px|30px|false|true&#8221; custom_padding_tablet=&#8221;|30px|64px|30px|false|true&#8221; custom_padding_phone=&#8221;|15px||15px|false|true&#8221; global_colors_info=&#8221;{}&#8221;][et_pb_row _builder_version=&#8221;4.22.1&#8243; _module_preset=&#8221;default&#8221; width=&#8221;100%&#8221; max_width=&#8221;1440px&#8221; module_alignment=&#8221;center&#8221; custom_margin=&#8221;0px|0px|0px|0px|false|false&#8221; custom_padding=&#8221;0px|0px|0px|0px|false|false&#8221; global_colors_info=&#8221;{}&#8221;][et_pb_column type=&#8221;4_4&#8243; _builder_version=&#8221;4.22.1&#8243; _module_preset=&#8221;default&#8221; global_colors_info=&#8221;{}&#8221;][et_pb_text _builder_version=&#8221;4.22.1&#8243; _module_preset=&#8221;default&#8221; global_colors_info=&#8221;{}&#8221;]Over the past few years, France has consistently held the top position as the world&#8217;s primary cosmetics exporter, and export sales are projected to surpass \u20ac20 billion by 2022. These remarkable earnings underscore the cosmetics industry&#8217;s pivotal role in the French economy.<br \/>\n[\/et_pb_text][\/et_pb_column][\/et_pb_row][et_pb_row column_structure=&#8221;1_2,1_2&#8243; make_equal=&#8221;on&#8221; module_class=&#8221;alignement-vertical&#8221; _builder_version=&#8221;4.22.1&#8243; _module_preset=&#8221;default&#8221; width=&#8221;100%&#8221; max_width=&#8221;1440px&#8221; module_alignment=&#8221;center&#8221; custom_margin=&#8221;42px|0px|0px|0px|false|false&#8221; custom_padding=&#8221;24px|0px|24px|0px|true|true&#8221; border_radii=&#8221;off||||&#8221; global_colors_info=&#8221;{}&#8221;][et_pb_column type=&#8221;1_2&#8243; _builder_version=&#8221;4.22.1&#8243; _module_preset=&#8221;default&#8221; global_colors_info=&#8221;{}&#8221;][et_pb_text _builder_version=&#8221;4.22.1&#8243; _module_preset=&#8221;default&#8221; header_font_size=&#8221;43px&#8221; header_line_height=&#8221;59px&#8221; header_2_font_size=&#8221;32px&#8221; background_enable_image=&#8221;off&#8221; background_size=&#8221;custom&#8221; background_image_height=&#8221;57px&#8221; background_position=&#8221;center_left&#8221; custom_margin=&#8221;0px||0px||false|false&#8221; custom_padding=&#8221;0px||0px|0px|false|false&#8221; global_colors_info=&#8221;{}&#8221;]<\/p>\n<h2 style=\"text-align: left;\"><img loading=\"lazy\" decoding=\"async\" class=\"wp-image-398 alignnone size-full\" style=\"font-size: 16px;\" src=\"https:\/\/www.cosmetinlyon.com\/wp-content\/uploads\/2023\/09\/Symbole3.png\" alt=\"\" width=\"48\" height=\"53\" \/>Qui sommes-nous ?<\/h2>\n<p>[\/et_pb_text][et_pb_divider divider_position=&#8221;bottom&#8221; divider_weight=&#8221;3px&#8221; _builder_version=&#8221;4.22.1&#8243; _module_preset=&#8221;default&#8221; max_width=&#8221;70px&#8221; module_alignment=&#8221;left&#8221; custom_margin=&#8221;0px||0px||false|false&#8221; custom_padding=&#8221;0px||0px||false|false&#8221; global_colors_info=&#8221;{}&#8221;][\/et_pb_divider][et_pb_text _builder_version=&#8221;4.22.1&#8243; _module_preset=&#8221;default&#8221; custom_margin=&#8221;32px||0px||false|false&#8221; global_colors_info=&#8221;{}&#8221;]<\/p>\n<p>Since 1962, Cosmet&#8217;in Lyon has played a pivotal role in advancing dermocosmetology in the Auvergne Rh\u00f4ne-Alpes region, both nationally and globally. It actively fosters this dynamic and innovative sector by igniting its various initiatives. <\/p>\n<p>For more than six decades, Cosmet&#8217;in Lyon has served as a hub for professionals in dermocosmetology, where individuals with diverse expertise come together to exchange ideas. It bridges the gap between industry and academic stakeholders. <\/p>\n<p>&nbsp;<\/p>\n<p>Cosmet&#8217;in Lyon backs interdisciplinary research endeavors and arranges scientific gatherings to spotlight its members&#8217; endeavors.<\/p>\n<p>[\/et_pb_text][\/et_pb_column][et_pb_column type=&#8221;1_2&#8243; module_class=&#8221;alignement-vertical&#8221; _builder_version=&#8221;4.22.1&#8243; _module_preset=&#8221;default&#8221; global_colors_info=&#8221;{}&#8221;][et_pb_image src=&#8221;https:\/\/www.cosmetinlyon.com\/wp-content\/uploads\/2023\/12\/Design-sans-titre-2.png&#8221; alt=&#8221;Association members&#8221; title_text=&#8221;Design sans titre (2)&#8221; align=&#8221;right&#8221; align_tablet=&#8221;center&#8221; align_phone=&#8221;center&#8221; align_last_edited=&#8221;on|desktop&#8221; _builder_version=&#8221;4.23.1&#8243; _module_preset=&#8221;default&#8221; max_width=&#8221;500px&#8221; module_alignment=&#8221;right&#8221; custom_margin_tablet=&#8221;32px||||false|false&#8221; custom_margin_phone=&#8221;32px||||false|false&#8221; custom_margin_last_edited=&#8221;on|desktop&#8221; module_alignment_tablet=&#8221;center&#8221; module_alignment_phone=&#8221;center&#8221; module_alignment_last_edited=&#8221;on|phone&#8221; global_colors_info=&#8221;{}&#8221;][\/et_pb_image][\/et_pb_column][\/et_pb_row][et_pb_row _builder_version=&#8221;4.22.1&#8243; _module_preset=&#8221;default&#8221; width=&#8221;100%&#8221; max_width=&#8221;1440px&#8221; custom_margin=&#8221;0px||0px||false|false&#8221; custom_padding=&#8221;0px||0px||false|false&#8221; locked=&#8221;off&#8221; global_colors_info=&#8221;{}&#8221;][et_pb_column type=&#8221;4_4&#8243; _builder_version=&#8221;4.22.1&#8243; _module_preset=&#8221;default&#8221; global_colors_info=&#8221;{}&#8221;][et_pb_button button_url=&#8221;@ET-DC@eyJkeW5hbWljIjp0cnVlLCJjb250ZW50IjoicG9zdF9saW5rX3VybF9wYWdlIiwic2V0dGluZ3MiOnsicG9zdF9pZCI6Ijc4NSJ9fQ==@&#8221; button_text=&#8221;See our missions&#8221; button_alignment=&#8221;right&#8221; _builder_version=&#8221;4.23.1&#8243; _dynamic_attributes=&#8221;button_url&#8221; _module_preset=&#8221;default&#8221; custom_button=&#8221;on&#8221; button_text_size=&#8221;16px&#8221; button_text_color=&#8221;#025373&#8243; button_bg_color=&#8221;RGBA(255,255,255,0)&#8221; button_border_width=&#8221;0px&#8221; button_border_color=&#8221;RGBA(255,255,255,0)&#8221; button_border_radius=&#8221;0px&#8221; button_font=&#8221;||||||||&#8221; button_icon=&#8221;&#x35;||divi||400&#8243; button_icon_color=&#8221;#025373&#8243; button_on_hover=&#8221;off&#8221; custom_margin=&#8221;32px||||false|false&#8221; custom_margin_tablet=&#8221;32px||||false|false&#8221; custom_margin_phone=&#8221;32px||||false|false&#8221; custom_margin_last_edited=&#8221;on|phone&#8221; custom_padding=&#8221;0px|20px|8px|0px|false|false&#8221; box_shadow_style=&#8221;preset2&#8243; box_shadow_horizontal=&#8221;0px&#8221; box_shadow_vertical=&#8221;3px&#8221; box_shadow_blur=&#8221;0px&#8221; box_shadow_color=&#8221;#025373&#8243; global_colors_info=&#8221;{}&#8221; button_text_color__hover_enabled=&#8221;on|desktop&#8221; button_text_color__hover=&#8221;#BF6860&#8243; button_border_color__hover_enabled=&#8221;on|desktop&#8221; button_border_color__hover=&#8221;RGBA(255,255,255,0)&#8221; box_shadow_color__hover_enabled=&#8221;on|hover&#8221; box_shadow_color__hover=&#8221;#BF6860&#8243; button_bg_color__hover_enabled=&#8221;on|hover&#8221; button_bg_color__hover=&#8221;RGBA(255,255,255,0)&#8221; button_bg_enable_color__hover=&#8221;on&#8221; button_icon_color__hover_enabled=&#8221;on|desktop&#8221; button_icon_color__hover=&#8221;#BF6860&#8243; custom_css_main_element_last_edited=&#8221;on|desktop&#8221;][\/et_pb_button][\/et_pb_column][\/et_pb_row][\/et_pb_section][et_pb_section fb_built=&#8221;1&#8243; custom_padding_last_edited=&#8221;on|phone&#8221; disabled_on=&#8221;off|off|off&#8221; _builder_version=&#8221;4.23.1&#8243; _module_preset=&#8221;default&#8221; background_color=&#8221;RGBA(244,226,224,0.3)&#8221; module_alignment=&#8221;center&#8221; custom_margin=&#8221;||||true|false&#8221; custom_padding=&#8221;|30px|0px|30px|false|true&#8221; custom_padding_tablet=&#8221;|30px||30px|false|true&#8221; custom_padding_phone=&#8221;|15px||15px|false|true&#8221; global_colors_info=&#8221;{}&#8221;][et_pb_row _builder_version=&#8221;4.22.1&#8243; _module_preset=&#8221;default&#8221; width=&#8221;100%&#8221; max_width=&#8221;1440px&#8221; module_alignment=&#8221;center&#8221; custom_margin=&#8221;0px|0px|0px|0px|false|false&#8221; custom_padding=&#8221;0px|0px|0px|0px|false|false&#8221; global_colors_info=&#8221;{}&#8221;][et_pb_column type=&#8221;4_4&#8243; _builder_version=&#8221;4.22.1&#8243; _module_preset=&#8221;default&#8221; global_colors_info=&#8221;{}&#8221;][et_pb_text _builder_version=&#8221;4.22.1&#8243; _module_preset=&#8221;default&#8221; header_font_size=&#8221;43px&#8221; header_line_height=&#8221;59px&#8221; header_2_font_size=&#8221;32px&#8221; background_enable_image=&#8221;off&#8221; background_size=&#8221;custom&#8221; background_image_height=&#8221;57px&#8221; background_position=&#8221;center_left&#8221; custom_margin=&#8221;0px||0px||false|false&#8221; custom_padding=&#8221;0px||0px|0px|false|false&#8221; global_colors_info=&#8221;{}&#8221;]<\/p>\n<h2 style=\"text-align: left;\"><img loading=\"lazy\" decoding=\"async\" class=\"wp-image-398 alignnone size-full\" style=\"font-size: 16px;\" src=\"https:\/\/www.cosmetinlyon.com\/wp-content\/uploads\/2023\/09\/Symbole3.png\" alt=\"\" width=\"48\" height=\"53\" \/>Notre histoire<\/h2>\n<p>[\/et_pb_text][dsm_content_timeline dsm_responsive_style=&#8221;left&#8221; dsm_tree_animation=&#8221;on&#8221; dsm_pointer_bg_color=&#8221;#025373&#8243; dsm_pointer_active_bg_color=&#8221;#BF6860&#8243; dsm_pointer_icon_font_size=&#8221;21px&#8221; dsm_tree_bg_color=&#8221;#025373&#8243; dsm_tree_active_bg_color=&#8221;#BF6860&#8243; dsm_icon_image_align=&#8221;left&#8221; _builder_version=&#8221;4.23.1&#8243; _module_preset=&#8221;default&#8221; content_text_color=&#8221;#025373&#8243; background_color=&#8221;RGBA(255,255,255,0)&#8221; max_width=&#8221;1134px&#8221; module_alignment=&#8221;center&#8221; custom_margin_tablet=&#8221;||||false|false&#8221; custom_margin_phone=&#8221;||||false|false&#8221; custom_margin_last_edited=&#8221;on|tablet&#8221; border_style_all_image-icon=&#8221;dashed&#8221; border_width_all_image-icon_tablet=&#8221;&#8221; border_width_all_image-icon_phone=&#8221;&#8221; border_width_all_image-icon_last_edited=&#8221;on|phone&#8221; border_width_all_pointer_border=&#8221;7px&#8221; border_color_all_pointer_border=&#8221;#BF6860&#8243; border_style_all_pointer_border=&#8221;none&#8221; global_colors_info=&#8221;{}&#8221;][dsm_content_timeline_child dsm_image=&#8221;https:\/\/www.cosmetinlyon.com\/wp-content\/uploads\/2023\/10\/Opening-ceremony.png&#8221; title_text=&#8221;Opening ceremony&#8221; dsm_title=&#8221;Creation of the association by: &#8221; dsm_content=&#8221;<\/p>\n<p> <span>&#8211; H.M. Gattefoss\u00e9 (entrepreneur)<br \/><\/span> &#8211; <span>Pr. J. Cotte (academic pharmacist)<br \/> &#8211; H\/Thiers (academic dermotologist)<\/span> <\/p>\n<p>&#8221; dsm_opposite_text=&#8221;1962&#8243; dsm_image_icon_width=&#8221;64px&#8221; dsm_opposite_bg_color=&#8221;RGBA(255,255,255,0)&#8221; _builder_version=&#8221;4.23.1&#8243; _module_preset=&#8221;default&#8221; header_level=&#8221;h3&#8243; header_font_size=&#8221;14px&#8221; opposite_text_font=&#8221;|700|||||||&#8221; opposite_text_text_color=&#8221;#025373&#8243; opposite_text_font_size=&#8221;40px&#8221; background_color=&#8221;#FFFFFF&#8221; background_enable_color=&#8221;on&#8221; image_icon_custom_margin=&#8221;||10px||false|false&#8221; background_last_edited=&#8221;on|phone&#8221; border_radii=&#8221;off|||50px|&#8221; border_color_top_image_icon=&#8221;#FFFFFF&#8221; border_width_top_image_icon_tablet=&#8221;15px&#8221; border_width_top_image_icon_phone=&#8221;15px&#8221; border_width_top_image_icon_last_edited=&#8221;on|desktop&#8221; global_colors_info=&#8221;{}&#8221;]<\/p>\n<p> <span>&#8211; H.M. Gattefoss\u00e9 (entrepreneur)<br \/><\/span> &#8211; <span>Pr. J. Cotte (academic pharmacist)<br \/> &#8211; H\/Thiers (academic dermotologist)<\/span> <\/p>\n<p>[\/dsm_content_timeline_child][dsm_content_timeline_child dsm_image=&#8221;https:\/\/www.cosmetinlyon.com\/wp-content\/uploads\/2023\/10\/Conference.png&#8221; title_text=&#8221;Conference&#8221; dsm_title=&#8221;dermocosmeto days&#8221; dsm_content=&#8221;<\/p>\n<p><span>Organisation des premi\u00e8res <strong>Journ\u00e9es Europ\u00e9ennes de Dermocosm\u00e9tologie de Lyon (Skin Science Days)<\/strong><\/span><\/p>\n<p>&#8221; dsm_opposite_text=&#8221;1966&#8243; dsm_image_icon_width=&#8221;64px&#8221; dsm_opposite_bg_color=&#8221;RGBA(255,255,255,0)&#8221; _builder_version=&#8221;4.23.1&#8243; _module_preset=&#8221;default&#8221; header_level=&#8221;h3&#8243; header_text_color=&#8221;RGBA(255,255,255,0)&#8221; header_font_size=&#8221;1px&#8221; opposite_text_font=&#8221;|700|||||||&#8221; opposite_text_text_color=&#8221;#025373&#8243; opposite_text_font_size=&#8221;40px&#8221; background_color=&#8221;#FFFFFF&#8221; background_enable_color=&#8221;on&#8221; image_icon_custom_margin=&#8221;||10px||false|false&#8221; background_color_tablet=&#8221;#FFFFFF&#8221; background_color_phone=&#8221;#FFFFFF&#8221; background_last_edited=&#8221;on|phone&#8221; background_enable_color_tablet=&#8221;on&#8221; background_enable_color_phone=&#8221;on&#8221; border_radii=&#8221;off|||50px|&#8221; border_color_top_image_icon=&#8221;#FFFFFF&#8221; border_width_top_image_icon_tablet=&#8221;15px&#8221; border_width_top_image_icon_phone=&#8221;15px&#8221; border_width_top_image_icon_last_edited=&#8221;on|phone&#8221; global_colors_info=&#8221;{}&#8221;]<\/p>\n<p><span>1st edition of the <strong>JED<\/strong> (European Days of Dermocosmetology of Lyon)<\/span><\/p>\n<p>[\/dsm_content_timeline_child][dsm_content_timeline_child dsm_image=&#8221;https:\/\/www.cosmetinlyon.com\/wp-content\/uploads\/2023\/10\/Diplome.png&#8221; title_text=&#8221;Diplome&#8221; dsm_title=&#8221;1970&#8243; dsm_content=&#8221;<\/p>\n<p>Creation of the <strong>first higher education course in cosmetology<\/strong> at Lyon University<\/p>\n<p>&#8221; dsm_opposite_text=&#8221;1970&#8243; dsm_image_icon_width=&#8221;64px&#8221; dsm_opposite_bg_color=&#8221;RGBA(255,255,255,0)&#8221; _builder_version=&#8221;4.23.1&#8243; _module_preset=&#8221;default&#8221; header_level=&#8221;h3&#8243; header_text_color=&#8221;RGBA(255,255,255,0)&#8221; header_font_size=&#8221;1px&#8221; opposite_text_font=&#8221;|700|||||||&#8221; opposite_text_text_color=&#8221;#025373&#8243; opposite_text_font_size=&#8221;40px&#8221; background_color=&#8221;#FFFFFF&#8221; background_enable_color=&#8221;on&#8221; image_icon_custom_margin=&#8221;||10px||false|false&#8221; background_color_tablet=&#8221;#FFFFFF&#8221; background_color_phone=&#8221;#FFFFFF&#8221; background_last_edited=&#8221;on|phone&#8221; background_enable_color_tablet=&#8221;on&#8221; background_enable_color_phone=&#8221;on&#8221; border_radii=&#8221;off|||50px|&#8221; border_color_top_image_icon=&#8221;#FFFFFF&#8221; global_colors_info=&#8221;{}&#8221;][\/dsm_content_timeline_child][dsm_content_timeline_child dsm_image=&#8221;https:\/\/www.cosmetinlyon.com\/wp-content\/uploads\/2023\/10\/Woman.png&#8221; title_text=&#8221;Woman&#8221; dsm_title=&#8221;2000&#8243; dsm_content=&#8221;<\/p>\n<p><span>Arrival of <strong>Marie Christine di Murro<\/strong>, operational manager at Cosmet&apos;in Lyon<\/span><\/p>\n<p>&#8221; dsm_opposite_text=&#8221;2000&#8243; dsm_image_icon_width=&#8221;64px&#8221; dsm_opposite_bg_color=&#8221;RGBA(255,255,255,0)&#8221; _builder_version=&#8221;4.23.1&#8243; _module_preset=&#8221;default&#8221; header_level=&#8221;h3&#8243; header_text_color=&#8221;RGBA(255,255,255,0)&#8221; header_font_size=&#8221;1px&#8221; opposite_text_font=&#8221;|700|||||||&#8221; opposite_text_text_color=&#8221;#025373&#8243; opposite_text_font_size=&#8221;40px&#8221; background_color=&#8221;#FFFFFF&#8221; background_enable_color=&#8221;on&#8221; image_icon_custom_margin=&#8221;||10px||false|false&#8221; background_color_tablet=&#8221;#FFFFFF&#8221; background_color_phone=&#8221;#FFFFFF&#8221; background_last_edited=&#8221;on|phone&#8221; background_enable_color_tablet=&#8221;on&#8221; background_enable_color_phone=&#8221;on&#8221; border_radii=&#8221;off|||50px|&#8221; border_color_top_image_icon=&#8221;#FFFFFF&#8221; global_colors_info=&#8221;{}&#8221;][\/dsm_content_timeline_child][dsm_content_timeline_child dsm_image=&#8221;https:\/\/www.cosmetinlyon.com\/wp-content\/uploads\/2023\/10\/Earth.png&#8221; title_text=&#8221;Earth&#8221; dsm_title=&#8221;2003&#8243; dsm_content=&#8221;<\/p>\n<p><span>Creation of a <strong>website<\/strong><\/span><\/p>\n<p>&#8221; dsm_opposite_text=&#8221;2013&#8243; dsm_image_icon_width=&#8221;64px&#8221; dsm_opposite_bg_color=&#8221;RGBA(255,255,255,0)&#8221; _builder_version=&#8221;4.23.1&#8243; _module_preset=&#8221;default&#8221; header_level=&#8221;h3&#8243; header_text_color=&#8221;RGBA(255,255,255,0)&#8221; header_font_size=&#8221;1px&#8221; opposite_text_font=&#8221;|700|||||||&#8221; opposite_text_text_color=&#8221;#025373&#8243; opposite_text_font_size=&#8221;40px&#8221; background_color=&#8221;#FFFFFF&#8221; background_enable_color=&#8221;on&#8221; image_icon_custom_margin=&#8221;||10px||false|false&#8221; background_color_tablet=&#8221;#FFFFFF&#8221; background_color_phone=&#8221;#FFFFFF&#8221; background_last_edited=&#8221;on|phone&#8221; background_enable_color_tablet=&#8221;on&#8221; background_enable_color_phone=&#8221;on&#8221; border_radii=&#8221;off|||50px|&#8221; border_color_top_image_icon=&#8221;#FFFFFF&#8221; global_colors_info=&#8221;{}&#8221;][\/dsm_content_timeline_child][dsm_content_timeline_child dsm_image=&#8221;https:\/\/www.cosmetinlyon.com\/wp-content\/uploads\/2023\/10\/Conference.png&#8221; title_text=&#8221;Conference&#8221; dsm_title=&#8221;2005&#8243; dsm_content=&#8221;<\/p>\n<p><span>Launch of the <strong>annual SFC (French Society of Cosmetologu) meetings<\/strong><\/span><\/p>\n<p>&#8221; dsm_opposite_text=&#8221;2005&#8243; dsm_image_icon_width=&#8221;64px&#8221; dsm_opposite_bg_color=&#8221;RGBA(255,255,255,0)&#8221; _builder_version=&#8221;4.23.1&#8243; _module_preset=&#8221;default&#8221; header_level=&#8221;h3&#8243; header_text_color=&#8221;RGBA(255,255,255,0)&#8221; header_font_size=&#8221;1px&#8221; opposite_text_font=&#8221;|700|||||||&#8221; opposite_text_text_color=&#8221;#025373&#8243; opposite_text_font_size=&#8221;40px&#8221; background_color=&#8221;#FFFFFF&#8221; background_enable_color=&#8221;on&#8221; image_icon_custom_margin=&#8221;||10px||false|false&#8221; background_color_tablet=&#8221;#FFFFFF&#8221; background_color_phone=&#8221;#FFFFFF&#8221; background_last_edited=&#8221;on|phone&#8221; background_enable_color_tablet=&#8221;on&#8221; background_enable_color_phone=&#8221;on&#8221; border_radii=&#8221;off|||50px|&#8221; border_color_top_image_icon=&#8221;#FFFFFF&#8221; global_colors_info=&#8221;{}&#8221;][\/dsm_content_timeline_child][dsm_content_timeline_child dsm_image=&#8221;https:\/\/www.cosmetinlyon.com\/wp-content\/uploads\/2023\/10\/Discussion.png&#8221; title_text=&#8221;Discussion&#8221; dsm_title=&#8221;2009&#8243; dsm_content=&#8221;<\/p>\n<p><span><strong>Cosmetopack<\/strong> consortium launched <\/span><\/p>\n<p>&#8221; dsm_opposite_text=&#8221;2009&#8243; dsm_image_icon_width=&#8221;64px&#8221; dsm_opposite_bg_color=&#8221;RGBA(255,255,255,0)&#8221; _builder_version=&#8221;4.23.1&#8243; _module_preset=&#8221;default&#8221; header_level=&#8221;h3&#8243; header_text_color=&#8221;RGBA(255,255,255,0)&#8221; header_font_size=&#8221;1px&#8221; opposite_text_font=&#8221;|700|||||||&#8221; opposite_text_text_color=&#8221;#025373&#8243; opposite_text_font_size=&#8221;40px&#8221; background_color=&#8221;#FFFFFF&#8221; background_enable_color=&#8221;on&#8221; image_icon_custom_margin=&#8221;||10px||false|false&#8221; background_color_tablet=&#8221;#FFFFFF&#8221; background_color_phone=&#8221;#FFFFFF&#8221; background_last_edited=&#8221;on|phone&#8221; background_enable_color_tablet=&#8221;on&#8221; background_enable_color_phone=&#8221;on&#8221; border_radii=&#8221;off|||50px|&#8221; border_color_top_image_icon=&#8221;#FFFFFF&#8221; global_colors_info=&#8221;{}&#8221;][\/dsm_content_timeline_child][dsm_content_timeline_child dsm_image=&#8221;https:\/\/www.cosmetinlyon.com\/wp-content\/uploads\/2023\/10\/Hand.png&#8221; title_text=&#8221;Hand&#8221; dsm_title=&#8221;2010&#8243; dsm_content=&#8221;<\/p>\n<p><span><strong>Febea<\/strong> partnership<\/span><\/p>\n<p>&#8221; dsm_opposite_text=&#8221;2010&#8243; dsm_image_icon_width=&#8221;64px&#8221; dsm_opposite_bg_color=&#8221;RGBA(255,255,255,0)&#8221; _builder_version=&#8221;4.23.1&#8243; _module_preset=&#8221;default&#8221; header_level=&#8221;h3&#8243; header_text_color=&#8221;RGBA(255,255,255,0)&#8221; header_font_size=&#8221;1px&#8221; opposite_text_font=&#8221;|700|||||||&#8221; opposite_text_text_color=&#8221;#025373&#8243; opposite_text_font_size=&#8221;40px&#8221; background_color=&#8221;#FFFFFF&#8221; background_enable_color=&#8221;on&#8221; image_icon_custom_margin=&#8221;||10px||false|false&#8221; background_color_tablet=&#8221;#FFFFFF&#8221; background_color_phone=&#8221;#FFFFFF&#8221; background_last_edited=&#8221;on|phone&#8221; background_enable_color_tablet=&#8221;on&#8221; background_enable_color_phone=&#8221;on&#8221; border_radii=&#8221;off|||50px|&#8221; border_color_top_image_icon=&#8221;#FFFFFF&#8221; global_colors_info=&#8221;{}&#8221;][\/dsm_content_timeline_child][dsm_content_timeline_child dsm_image=&#8221;https:\/\/www.cosmetinlyon.com\/wp-content\/uploads\/2023\/10\/Shared-vision.png&#8221; title_text=&#8221;Shared vision&#8221; dsm_title=&#8221;2019&#8243; dsm_content=&#8221;<\/p>\n<p><span><strong>Internationalization<\/strong> (with name change)<\/span><\/p>\n<p>&#8221; dsm_opposite_text=&#8221;2019&#8243; dsm_image_icon_width=&#8221;64px&#8221; dsm_opposite_bg_color=&#8221;RGBA(255,255,255,0)&#8221; _builder_version=&#8221;4.23.1&#8243; _module_preset=&#8221;default&#8221; header_level=&#8221;h3&#8243; header_text_color=&#8221;RGBA(255,255,255,0)&#8221; header_font_size=&#8221;1px&#8221; opposite_text_font=&#8221;|700|||||||&#8221; opposite_text_text_color=&#8221;#025373&#8243; opposite_text_font_size=&#8221;40px&#8221; background_color=&#8221;#FFFFFF&#8221; background_enable_color=&#8221;on&#8221; image_icon_custom_margin=&#8221;||10px||false|false&#8221; background_color_tablet=&#8221;#FFFFFF&#8221; background_color_phone=&#8221;#FFFFFF&#8221; background_last_edited=&#8221;on|phone&#8221; background_enable_color_tablet=&#8221;on&#8221; background_enable_color_phone=&#8221;on&#8221; border_radii=&#8221;off|||50px|&#8221; border_color_top_image_icon=&#8221;#FFFFFF&#8221; global_colors_info=&#8221;{}&#8221;][\/dsm_content_timeline_child][dsm_content_timeline_child dsm_image=&#8221;https:\/\/www.cosmetinlyon.com\/wp-content\/uploads\/2023\/10\/Shared-vision.png&#8221; title_text=&#8221;Shared vision&#8221; dsm_title=&#8221;2023&#8243; dsm_content=&#8221;<\/p>\n<p><span>Updating and <strong>modernizing<\/strong> the website<\/span><\/p>\n<p>&#8221; dsm_opposite_text=&#8221;2023&#8243; dsm_image_icon_width=&#8221;64px&#8221; dsm_opposite_bg_color=&#8221;RGBA(255,255,255,0)&#8221; _builder_version=&#8221;4.23.1&#8243; _module_preset=&#8221;default&#8221; header_level=&#8221;h3&#8243; header_text_color=&#8221;RGBA(255,255,255,0)&#8221; header_font_size=&#8221;1px&#8221; opposite_text_font=&#8221;|700|||||||&#8221; opposite_text_text_color=&#8221;#025373&#8243; opposite_text_font_size=&#8221;40px&#8221; background_color=&#8221;#FFFFFF&#8221; background_enable_color=&#8221;on&#8221; image_icon_custom_margin=&#8221;||10px||false|false&#8221; background_color_tablet=&#8221;#FFFFFF&#8221; background_color_phone=&#8221;#FFFFFF&#8221; background_last_edited=&#8221;on|phone&#8221; background_enable_color_tablet=&#8221;on&#8221; background_enable_color_phone=&#8221;on&#8221; border_radii=&#8221;off|||50px|&#8221; border_color_top_image_icon=&#8221;#FFFFFF&#8221; global_colors_info=&#8221;{}&#8221;][\/dsm_content_timeline_child][\/dsm_content_timeline][et_pb_divider divider_position=&#8221;bottom&#8221; divider_weight=&#8221;3px&#8221; _builder_version=&#8221;4.22.1&#8243; _module_preset=&#8221;default&#8221; max_width=&#8221;70px&#8221; module_alignment=&#8221;left&#8221; custom_margin=&#8221;0px||0px||false|false&#8221; custom_margin_tablet=&#8221;||72px||false|false&#8221; custom_margin_phone=&#8221;||72px||false|false&#8221; custom_margin_last_edited=&#8221;on|tablet&#8221; custom_padding=&#8221;0px||0px||false|false&#8221; global_colors_info=&#8221;{}&#8221;][\/et_pb_divider][\/et_pb_column][\/et_pb_row][\/et_pb_section][et_pb_section fb_built=&#8221;1&#8243; custom_padding_last_edited=&#8221;on|tablet&#8221; _builder_version=&#8221;4.22.1&#8243; _module_preset=&#8221;default&#8221; background_color=&#8221;RGBA(244,226,224,0.3)&#8221; background_image=&#8221;https:\/\/www.cosmetinlyon.com\/wp-content\/uploads\/2023\/10\/trace-creme.png&#8221; background_size=&#8221;custom&#8221; background_image_width=&#8221;16%&#8221; background_position=&#8221;center_left&#8221; background_horizontal_offset=&#8221;10%&#8221; module_alignment=&#8221;center&#8221; custom_margin=&#8221;||||true|false&#8221; custom_padding=&#8221;0px|30px|80px|30px|false|true&#8221; custom_padding_tablet=&#8221;|30px|64px|30px|false|true&#8221; custom_padding_phone=&#8221;|15px||15px|false|true&#8221; background_last_edited=&#8221;on|desktop&#8221; background_enable_image_tablet=&#8221;off&#8221; global_colors_info=&#8221;{}&#8221;][et_pb_row _builder_version=&#8221;4.22.1&#8243; _module_preset=&#8221;default&#8221; width=&#8221;100%&#8221; max_width=&#8221;1440px&#8221; module_alignment=&#8221;center&#8221; global_colors_info=&#8221;{}&#8221;][et_pb_column type=&#8221;4_4&#8243; _builder_version=&#8221;4.22.1&#8243; _module_preset=&#8221;default&#8221; global_colors_info=&#8221;{}&#8221;][et_pb_text _builder_version=&#8221;4.22.1&#8243; _module_preset=&#8221;default&#8221; global_colors_info=&#8221;{}&#8221;]<\/p>\n<h3>The presidents of Cosmet&#8217;in Lyon<\/h3>\n<p>[\/et_pb_text][\/et_pb_column][\/et_pb_row][et_pb_row column_structure=&#8221;1_2,1_2&#8243; use_custom_gutter=&#8221;on&#8221; gutter_width=&#8221;2&#8243; make_equal=&#8221;on&#8221; _builder_version=&#8221;4.22.1&#8243; _module_preset=&#8221;default&#8221; width=&#8221;100%&#8221; max_width=&#8221;1440px&#8221; module_alignment=&#8221;center&#8221; custom_margin=&#8221;0px||40px||false|false&#8221; custom_padding=&#8221;0px||0px||false|false&#8221; global_colors_info=&#8221;{}&#8221;][et_pb_column type=&#8221;1_2&#8243; module_class=&#8221;alignement-vertical&#8221; _builder_version=&#8221;4.22.1&#8243; _module_preset=&#8221;default&#8221; global_colors_info=&#8221;{}&#8221;][et_pb_text content_tablet=&#8221;<\/p>\n<p><strong>J. Cotte<\/strong><br \/>\n1962-2001<\/p>\n<p>&#8221; content_phone=&#8221;<\/p>\n<p><strong>Jean Cotte<\/strong><br \/>1962-2001<\/p>\n<p>&#8221; content_last_edited=&#8221;on|tablet&#8221; _builder_version=&#8221;4.23.1&#8243; _module_preset=&#8221;default&#8221; text_orientation=&#8221;right&#8221; text_orientation_tablet=&#8221;left&#8221; text_orientation_phone=&#8221;left&#8221; text_orientation_last_edited=&#8221;on|desktop&#8221; global_colors_info=&#8221;{}&#8221;]<\/p>\n<p style=\"text-align: right;\"><strong><span style=\"font-size: 24px;\">Jean Cotte<\/span><\/strong><br \/>1962-2001<\/p>\n<p>[\/et_pb_text][\/et_pb_column][et_pb_column type=&#8221;1_2&#8243; module_class=&#8221;alignement-vertical&#8221; _builder_version=&#8221;4.22.1&#8243; _module_preset=&#8221;default&#8221; global_colors_info=&#8221;{}&#8221;][et_pb_text _builder_version=&#8221;4.22.1&#8243; _module_preset=&#8221;default&#8221; global_colors_info=&#8221;{}&#8221;]academic pharmacist Creation of the association, the IPIL and the master&#8217;s program<br \/>\n[\/et_pb_text][\/et_pb_column][\/et_pb_row][et_pb_row column_structure=&#8221;1_2,1_2&#8243; use_custom_gutter=&#8221;on&#8221; gutter_width=&#8221;2&#8243; make_equal=&#8221;on&#8221; _builder_version=&#8221;4.22.1&#8243; _module_preset=&#8221;default&#8221; width=&#8221;100%&#8221; max_width=&#8221;1440px&#8221; module_alignment=&#8221;center&#8221; custom_margin=&#8221;0px||40px||false|false&#8221; custom_padding=&#8221;0px||0px||false|false&#8221; global_colors_info=&#8221;{}&#8221;][et_pb_column type=&#8221;1_2&#8243; module_class=&#8221;alignement-vertical&#8221; _builder_version=&#8221;4.22.1&#8243; _module_preset=&#8221;default&#8221; global_colors_info=&#8221;{}&#8221;][et_pb_text content_tablet=&#8221;<\/p>\n<p><strong>Alain Huc<\/strong><br \/>\n2001-2009<\/p>\n<p>&#8221; content_phone=&#8221;<\/p>\n<p><strong>Alain Huc<\/strong><br \/>\n2001-2009<\/p>\n<p>&#8221; content_last_edited=&#8221;on|tablet&#8221; _builder_version=&#8221;4.22.1&#8243; _module_preset=&#8221;default&#8221; text_orientation=&#8221;right&#8221; text_orientation_tablet=&#8221;left&#8221; text_orientation_phone=&#8221;left&#8221; text_orientation_last_edited=&#8221;on|desktop&#8221; global_colors_info=&#8221;{}&#8221;]<\/p>\n<p style=\"text-align: right;\"><strong><span style=\"font-size: 24px;\">Alain Huc<\/span><\/strong><br \/>\n2001-2009<\/p>\n<p>[\/et_pb_text][\/et_pb_column][et_pb_column type=&#8221;1_2&#8243; module_class=&#8221;alignement-vertical&#8221; _builder_version=&#8221;4.22.1&#8243; _module_preset=&#8221;default&#8221; global_colors_info=&#8221;{}&#8221;][et_pb_text _builder_version=&#8221;4.23.1&#8243; _module_preset=&#8221;default&#8221; global_colors_info=&#8221;{}&#8221;]<\/p>\n<p>(founder and CEO of Koletica) : development of the association&#8217;s events with the aim of bringing scientific knowledge to the cosmetics community.<\/p>\n<p>[\/et_pb_text][\/et_pb_column][\/et_pb_row][et_pb_row column_structure=&#8221;1_2,1_2&#8243; use_custom_gutter=&#8221;on&#8221; gutter_width=&#8221;2&#8243; make_equal=&#8221;on&#8221; _builder_version=&#8221;4.22.1&#8243; _module_preset=&#8221;default&#8221; width=&#8221;100%&#8221; max_width=&#8221;1440px&#8221; module_alignment=&#8221;center&#8221; custom_margin=&#8221;0px||40px||false|false&#8221; custom_padding=&#8221;0px||0px||false|false&#8221; global_colors_info=&#8221;{}&#8221;][et_pb_column type=&#8221;1_2&#8243; module_class=&#8221;alignement-vertical&#8221; _builder_version=&#8221;4.22.1&#8243; _module_preset=&#8221;default&#8221; global_colors_info=&#8221;{}&#8221;][et_pb_text content_tablet=&#8221;<\/p>\n<p><strong>Dominique Bouvier<\/strong><br \/>\n2009-2019<\/p>\n<p>&#8221; content_phone=&#8221;<\/p>\n<p><strong>Dominique Bouvier<\/strong><br \/>\n2009-2019<\/p>\n<p>&#8221; content_last_edited=&#8221;on|tablet&#8221; _builder_version=&#8221;4.22.1&#8243; _module_preset=&#8221;default&#8221; global_colors_info=&#8221;{}&#8221;]<\/p>\n<p style=\"text-align: right;\"><strong><span style=\"font-size: 24px;\">Dominique Bouvier<\/span><\/strong><br \/>\n2009-2019<\/p>\n<p>[\/et_pb_text][\/et_pb_column][et_pb_column type=&#8221;1_2&#8243; module_class=&#8221;alignement-vertical&#8221; _builder_version=&#8221;4.22.1&#8243; _module_preset=&#8221;default&#8221; global_colors_info=&#8221;{}&#8221;][et_pb_text _builder_version=&#8221;4.23.1&#8243; _module_preset=&#8221;default&#8221; global_colors_info=&#8221;{}&#8221;]<\/p>\n<p>CEO of Strand cosmetics Europe): bringing together and highlighting scientists (collaboration with Lyon Bio P\u00f4le and attending to SFBMEC French Society of Extra Cellular Matrix)<\/p>\n<p>[\/et_pb_text][\/et_pb_column][\/et_pb_row][et_pb_row column_structure=&#8221;1_2,1_2&#8243; use_custom_gutter=&#8221;on&#8221; gutter_width=&#8221;2&#8243; make_equal=&#8221;on&#8221; _builder_version=&#8221;4.22.1&#8243; _module_preset=&#8221;default&#8221; width=&#8221;100%&#8221; max_width=&#8221;1440px&#8221; module_alignment=&#8221;center&#8221; custom_margin=&#8221;0px||40px||false|false&#8221; custom_padding=&#8221;0px||0px||false|false&#8221; global_colors_info=&#8221;{}&#8221;][et_pb_column type=&#8221;1_2&#8243; module_class=&#8221;alignement-vertical&#8221; _builder_version=&#8221;4.22.1&#8243; _module_preset=&#8221;default&#8221; global_colors_info=&#8221;{}&#8221;][et_pb_text content_tablet=&#8221;<\/p>\n<p><strong>Nico Forraz<\/strong><br \/>\n2019-2022<\/p>\n<p>&#8221; content_phone=&#8221;<\/p>\n<p><strong>Nico Forraz<\/strong><br \/>\n2019-2022<\/p>\n<p>&#8221; content_last_edited=&#8221;on|tablet&#8221; _builder_version=&#8221;4.22.1&#8243; _module_preset=&#8221;default&#8221; global_colors_info=&#8221;{}&#8221;]<\/p>\n<p style=\"text-align: right;\"><strong><span style=\"font-size: 24px;\">Nico Forraz<\/span><\/strong><br \/>\n2019-2022<\/p>\n<p>[\/et_pb_text][\/et_pb_column][et_pb_column type=&#8221;1_2&#8243; module_class=&#8221;alignement-vertical&#8221; _builder_version=&#8221;4.22.1&#8243; _module_preset=&#8221;default&#8221; global_colors_info=&#8221;{}&#8221;][et_pb_text _builder_version=&#8221;4.22.1&#8243; _module_preset=&#8221;default&#8221; global_colors_info=&#8221;{}&#8221;]<\/p>\n<p><span>Chief Executive Officer of CTIBiotech, <\/span>Internationalization (with name change) + transformation of JED into Skin Science Days + creation of the Skin Biology Network<\/p>\n<p>[\/et_pb_text][\/et_pb_column][\/et_pb_row][et_pb_row column_structure=&#8221;1_2,1_2&#8243; use_custom_gutter=&#8221;on&#8221; gutter_width=&#8221;2&#8243; make_equal=&#8221;on&#8221; _builder_version=&#8221;4.22.1&#8243; _module_preset=&#8221;default&#8221; width=&#8221;100%&#8221; max_width=&#8221;1440px&#8221; module_alignment=&#8221;center&#8221; custom_margin=&#8221;0px||40px||false|false&#8221; custom_padding=&#8221;0px||0px||false|false&#8221; global_colors_info=&#8221;{}&#8221;][et_pb_column type=&#8221;1_2&#8243; module_class=&#8221;alignement-vertical&#8221; _builder_version=&#8221;4.22.1&#8243; _module_preset=&#8221;default&#8221; global_colors_info=&#8221;{}&#8221;][et_pb_text content_tablet=&#8221;<\/p>\n<p><strong>C\u00e9line Paillier<\/strong><br \/>since 2022<\/p>\n<p>&#8221; content_phone=&#8221;<\/p>\n<p><strong>C\u00e9line Paillier<\/strong><br \/>since 2022<\/p>\n<p>&#8221; content_last_edited=&#8221;on|tablet&#8221; _builder_version=&#8221;4.23.1&#8243; _module_preset=&#8221;default&#8221; global_colors_info=&#8221;{}&#8221;]<\/p>\n<p style=\"text-align: right;\"><strong><span style=\"font-size: 24px;\">C\u00e9line Paillier<\/span><\/strong><br \/>since 2022<\/p>\n<p>[\/et_pb_text][\/et_pb_column][et_pb_column type=&#8221;1_2&#8243; module_class=&#8221;alignement-vertical&#8221; _builder_version=&#8221;4.22.1&#8243; _module_preset=&#8221;default&#8221; global_colors_info=&#8221;{}&#8221;][et_pb_text _builder_version=&#8221;4.22.1&#8243; _module_preset=&#8221;default&#8221; global_colors_info=&#8221;{}&#8221;]Implementing a comprehensive strategy in the cosmetics through diversification, targeting the wider public in collaboration with the Cosmetic&amp;You group, initiating a reimagined communication approach for rebranding and invigorating the brand image<br \/>\n[\/et_pb_text][\/et_pb_column][\/et_pb_row][\/et_pb_section][et_pb_section fb_built=&#8221;1&#8243; custom_padding_last_edited=&#8221;on|phone&#8221; _builder_version=&#8221;4.22.1&#8243; _module_preset=&#8221;default&#8221; background_image=&#8221;https:\/\/www.cosmetinlyon.com\/wp-content\/uploads\/2023\/10\/Calque_31.png&#8221; background_size=&#8221;custom&#8221; background_image_width=&#8221;45%&#8221; background_position=&#8221;bottom_right&#8221; max_width=&#8221;1440px&#8221; module_alignment=&#8221;center&#8221; custom_margin=&#8221;0px||0px||true|false&#8221; custom_padding=&#8221;0px|30px|0px|30px|false|true&#8221; custom_padding_tablet=&#8221;|30px|64px|30px|false|true&#8221; custom_padding_phone=&#8221;|15px||15px|false|true&#8221; global_colors_info=&#8221;{}&#8221;][et_pb_row make_equal=&#8221;on&#8221; module_class=&#8221;alignement-vertical&#8221; _builder_version=&#8221;4.22.1&#8243; _module_preset=&#8221;default&#8221; width=&#8221;100%&#8221; max_width=&#8221;1440px&#8221; module_alignment=&#8221;center&#8221; custom_margin=&#8221;42px|0px|0px|0px|false|false&#8221; custom_padding=&#8221;24px|0px|24px|0px|true|true&#8221; border_radii=&#8221;off||||&#8221; global_colors_info=&#8221;{}&#8221;][et_pb_column type=&#8221;4_4&#8243; _builder_version=&#8221;4.22.1&#8243; _module_preset=&#8221;default&#8221; global_colors_info=&#8221;{}&#8221;][et_pb_text _builder_version=&#8221;4.22.1&#8243; _module_preset=&#8221;default&#8221; header_font_size=&#8221;43px&#8221; header_line_height=&#8221;59px&#8221; header_2_font_size=&#8221;32px&#8221; background_enable_image=&#8221;off&#8221; background_size=&#8221;custom&#8221; background_image_height=&#8221;57px&#8221; background_position=&#8221;center_left&#8221; custom_margin=&#8221;0px||0px||false|false&#8221; custom_padding=&#8221;0px||0px|0px|false|false&#8221; global_colors_info=&#8221;{}&#8221;]<\/p>\n<h2 style=\"text-align: left;\"><img loading=\"lazy\" decoding=\"async\" class=\"wp-image-398 alignnone size-full\" style=\"font-size: 16px;\" src=\"https:\/\/www.cosmetinlyon.com\/wp-content\/uploads\/2023\/09\/Symbole3.png\" alt=\"\" width=\"48\" height=\"53\" \/>Le conseil d\u2019administration et employ\u00e9s<\/h2>\n<p>[\/et_pb_text][et_pb_divider divider_position=&#8221;bottom&#8221; divider_weight=&#8221;3px&#8221; _builder_version=&#8221;4.22.1&#8243; _module_preset=&#8221;default&#8221; max_width=&#8221;70px&#8221; module_alignment=&#8221;left&#8221; custom_margin=&#8221;0px||0px||false|false&#8221; custom_padding=&#8221;0px||0px||false|false&#8221; global_colors_info=&#8221;{}&#8221;][\/et_pb_divider][et_pb_text _builder_version=&#8221;4.22.1&#8243; _module_preset=&#8221;default&#8221; custom_margin=&#8221;32px||0px||false|false&#8221; global_colors_info=&#8221;{}&#8221;]The Board of Directors is made up of 20 people, 5 of whom form the Executive Committee.<br \/>\n[\/et_pb_text][et_pb_text _builder_version=&#8221;4.22.1&#8243; _module_preset=&#8221;default&#8221; custom_margin=&#8221;32px||0px||false|false&#8221; global_colors_info=&#8221;{}&#8221;]<\/p>\n<h3>The Executive commitee<\/h3>\n<p>[\/et_pb_text][\/et_pb_column][\/et_pb_row][et_pb_row column_structure=&#8221;1_5,1_5,1_5,1_5,1_5&#8243; use_custom_gutter=&#8221;on&#8221; make_equal=&#8221;on&#8221; module_class=&#8221;alignement-vertical&#8221; _builder_version=&#8221;4.22.1&#8243; _module_preset=&#8221;default&#8221; width=&#8221;100%&#8221; max_width=&#8221;1440px&#8221; module_alignment=&#8221;center&#8221; custom_margin=&#8221;|0px|0px|0px|false|false&#8221; custom_padding=&#8221;0px|0px|0px|0px|true|true&#8221; custom_css_main_element=&#8221;align-items: stretch&#8221; border_radii=&#8221;off||||&#8221; global_colors_info=&#8221;{}&#8221;][et_pb_column type=&#8221;1_5&#8243; _builder_version=&#8221;4.22.1&#8243; _module_preset=&#8221;default&#8221; background_color=&#8221;#F4E2E0&#8243; custom_padding=&#8221;||||false|false&#8221; custom_css_main_element=&#8221;margin-right: 20px !important;&#8221; border_radii=&#8221;off|||50px|&#8221; global_colors_info=&#8221;{}&#8221; custom_css_main_element_last_edited=&#8221;on|tablet&#8221; custom_css_main_element_tablet=&#8221;width: 45% !important;||margin: 5% &#8221; custom_css_main_element_phone=&#8221;width: 100%;&#8221;][et_pb_image src=&#8221;https:\/\/www.cosmetinlyon.com\/wp-content\/uploads\/2023\/10\/Rectangle-13.jpg&#8221; title_text=&#8221;Rectangle 13&#8243; align=&#8221;center&#8221; _builder_version=&#8221;4.22.1&#8243; _module_preset=&#8221;default&#8221; background_color=&#8221;#FFFFFF&#8221; module_alignment=&#8221;center&#8221; global_colors_info=&#8221;{}&#8221;][\/et_pb_image][et_pb_text _builder_version=&#8221;4.22.1&#8243; _module_preset=&#8221;default&#8221; text_font=&#8221;|700|||||||&#8221; text_font_size=&#8221;22px&#8221; background_color=&#8221;#F4E2E0&#8243; custom_padding=&#8221;10px|16px||16px|false|false&#8221; border_radii=&#8221;off||||&#8221; global_colors_info=&#8221;{}&#8221; link_text_color__hover_enabled=&#8221;on|hover&#8221; link_text_color__hover=&#8221;#BF6860&#8243;]C\u00e9line Paillier<br \/>\n[\/et_pb_text][et_pb_text _builder_version=&#8221;4.22.1&#8243; _module_preset=&#8221;default&#8221; text_line_height=&#8221;1.4em&#8221; background_color=&#8221;#F4E2E0&#8243; custom_padding=&#8221;5px|16px|0px|16px|false|false&#8221; border_radii=&#8221;off||||&#8221; global_colors_info=&#8221;{}&#8221; link_text_color__hover_enabled=&#8221;on|hover&#8221; link_text_color__hover=&#8221;#BF6860&#8243;]<strong>President<\/strong><br \/>\nBusiness Development Director at Biomeca<br \/>\n[\/et_pb_text][et_pb_social_media_follow _builder_version=&#8221;4.22.1&#8243; _module_preset=&#8221;default&#8221; custom_margin=&#8221;0px||||false|false&#8221; custom_padding=&#8221;0px|||10px|false|false&#8221; global_colors_info=&#8221;{}&#8221;][et_pb_social_media_follow_network social_network=&#8221;linkedin&#8221; url=&#8221;https:\/\/www.linkedin.com\/in\/paillier\/&#8221; icon_color=&#8221;#025373&#8243; use_icon_font_size=&#8221;on&#8221; _builder_version=&#8221;4.22.1&#8243; _module_preset=&#8221;default&#8221; background_color=&#8221;RGBA(255,255,255,0)&#8221; background_enable_color=&#8221;on&#8221; global_colors_info=&#8221;{}&#8221; icon_color__hover_enabled=&#8221;on|hover&#8221; icon_color__hover=&#8221;#BF6860&#8243; icon_font_size__hover_enabled=&#8221;on|desktop&#8221; follow_button=&#8221;off&#8221; url_new_window=&#8221;on&#8221;]linkedin[\/et_pb_social_media_follow_network][\/et_pb_social_media_follow][\/et_pb_column][et_pb_column type=&#8221;1_5&#8243; _builder_version=&#8221;4.22.1&#8243; _module_preset=&#8221;default&#8221; background_color=&#8221;#F4E2E0&#8243; custom_padding=&#8221;||||false|false&#8221; custom_css_main_element=&#8221;margin-right: 20px !important;&#8221; border_radii=&#8221;off|||50px|&#8221; global_colors_info=&#8221;{}&#8221; custom_css_main_element_last_edited=&#8221;on|tablet&#8221; custom_css_main_element_tablet=&#8221;width: 45% !important;||margin: 5%;&#8221; custom_css_main_element_phone=&#8221;width: 100%;&#8221;][et_pb_image src=&#8221;https:\/\/www.cosmetinlyon.com\/wp-content\/uploads\/2023\/10\/Rectangle-13-1.jpg&#8221; title_text=&#8221;Rectangle 13-1&#8243; align=&#8221;center&#8221; _builder_version=&#8221;4.22.1&#8243; _module_preset=&#8221;default&#8221; background_color=&#8221;#FFFFFF&#8221; global_colors_info=&#8221;{}&#8221;][\/et_pb_image][et_pb_text _builder_version=&#8221;4.22.1&#8243; _module_preset=&#8221;default&#8221; text_font=&#8221;|700|||||||&#8221; text_font_size=&#8221;22px&#8221; background_color=&#8221;#F4E2E0&#8243; custom_padding=&#8221;10px|16px||16px|false|false&#8221; border_radii=&#8221;off|||50px|&#8221; global_colors_info=&#8221;{}&#8221; link_text_color__hover_enabled=&#8221;on|hover&#8221; link_text_color__hover=&#8221;#BF6860&#8243;]Sabine Pain<br \/>\n[\/et_pb_text][et_pb_text _builder_version=&#8221;4.22.1&#8243; _module_preset=&#8221;default&#8221; text_line_height=&#8221;1.4em&#8221; background_color=&#8221;#F4E2E0&#8243; custom_padding=&#8221;5px|16px|0px|16px|false|false&#8221; border_radii=&#8221;off|||50px|&#8221; global_colors_info=&#8221;{}&#8221; link_text_color__hover_enabled=&#8221;on|hover&#8221; link_text_color__hover=&#8221;#BF6860&#8243;]<strong>Vice-Chairwoman<\/strong><br \/>\nTechnical Key account Manager at BASF Beauty Creations<br \/>\n[\/et_pb_text][et_pb_social_media_follow _builder_version=&#8221;4.22.1&#8243; _module_preset=&#8221;default&#8221; custom_margin=&#8221;0px||||false|false&#8221; custom_padding=&#8221;0px|||10px|false|false&#8221; global_colors_info=&#8221;{}&#8221;][et_pb_social_media_follow_network social_network=&#8221;linkedin&#8221; url=&#8221;https:\/\/www.linkedin.com\/in\/sabine-pain-56997359\/&#8221; icon_color=&#8221;#025373&#8243; use_icon_font_size=&#8221;on&#8221; _builder_version=&#8221;4.22.1&#8243; _module_preset=&#8221;default&#8221; background_color=&#8221;RGBA(255,255,255,0)&#8221; background_enable_color=&#8221;on&#8221; global_colors_info=&#8221;{}&#8221; icon_color__hover_enabled=&#8221;on|hover&#8221; icon_color__hover=&#8221;#BF6860&#8243; icon_font_size__hover_enabled=&#8221;on|desktop&#8221; follow_button=&#8221;off&#8221; url_new_window=&#8221;on&#8221;]linkedin[\/et_pb_social_media_follow_network][\/et_pb_social_media_follow][\/et_pb_column][et_pb_column type=&#8221;1_5&#8243; _builder_version=&#8221;4.22.1&#8243; _module_preset=&#8221;default&#8221; background_color=&#8221;#F4E2E0&#8243; custom_padding=&#8221;||||false|false&#8221; custom_css_main_element=&#8221;margin-right: 20px !important;&#8221; border_radii=&#8221;off|||50px|&#8221; global_colors_info=&#8221;{}&#8221; custom_css_main_element_last_edited=&#8221;on|tablet&#8221; custom_css_main_element_tablet=&#8221;width: 45% !important;||margin: 5%;&#8221; custom_css_main_element_phone=&#8221;width: 100%;&#8221;][et_pb_image src=&#8221;https:\/\/www.cosmetinlyon.com\/wp-content\/uploads\/2023\/10\/Rectangle-13-2.jpg&#8221; title_text=&#8221;Rectangle 13-2&#8243; align=&#8221;center&#8221; _builder_version=&#8221;4.22.1&#8243; _module_preset=&#8221;default&#8221; background_color=&#8221;#FFFFFF&#8221; global_colors_info=&#8221;{}&#8221;][\/et_pb_image][et_pb_text _builder_version=&#8221;4.22.1&#8243; _module_preset=&#8221;default&#8221; text_font=&#8221;|700|||||||&#8221; text_font_size=&#8221;22px&#8221; background_color=&#8221;#F4E2E0&#8243; custom_padding=&#8221;10px|16px||16px|false|false&#8221; border_radii=&#8221;off|||50px|&#8221; global_colors_info=&#8221;{}&#8221; link_text_color__hover_enabled=&#8221;on|hover&#8221; link_text_color__hover=&#8221;#BF6860&#8243;]Agn\u00e8s Lavoix<br \/>\n[\/et_pb_text][et_pb_text _builder_version=&#8221;4.22.1&#8243; _module_preset=&#8221;default&#8221; text_line_height=&#8221;1.4em&#8221; background_color=&#8221;#F4E2E0&#8243; custom_padding=&#8221;5px|16px|0px|16px|false|false&#8221; border_radii=&#8221;off|||50px|&#8221; global_colors_info=&#8221;{}&#8221; link_text_color__hover_enabled=&#8221;on|hover&#8221; link_text_color__hover=&#8221;#BF6860&#8243;]<strong>Secretary<\/strong><br \/>\nCEO France, Dermatech<br \/>\n[\/et_pb_text][et_pb_social_media_follow _builder_version=&#8221;4.22.1&#8243; _module_preset=&#8221;default&#8221; custom_margin=&#8221;0px||||false|false&#8221; custom_padding=&#8221;0px|||10px|false|false&#8221; global_colors_info=&#8221;{}&#8221;][et_pb_social_media_follow_network social_network=&#8221;linkedin&#8221; url=&#8221;https:\/\/www.linkedin.com\/in\/agn%C3%A8s-pignol-lavoix-70836a99\/&#8221; icon_color=&#8221;#025373&#8243; use_icon_font_size=&#8221;on&#8221; _builder_version=&#8221;4.22.1&#8243; _module_preset=&#8221;default&#8221; background_color=&#8221;RGBA(255,255,255,0)&#8221; background_enable_color=&#8221;on&#8221; global_colors_info=&#8221;{}&#8221; icon_color__hover_enabled=&#8221;on|hover&#8221; icon_color__hover=&#8221;#BF6860&#8243; icon_font_size__hover_enabled=&#8221;on|desktop&#8221; follow_button=&#8221;off&#8221; url_new_window=&#8221;on&#8221;]linkedin[\/et_pb_social_media_follow_network][\/et_pb_social_media_follow][\/et_pb_column][et_pb_column type=&#8221;1_5&#8243; _builder_version=&#8221;4.22.1&#8243; _module_preset=&#8221;default&#8221; background_color=&#8221;#F4E2E0&#8243; custom_padding=&#8221;||||false|false&#8221; custom_css_main_element=&#8221;margin-right: 20px !important;&#8221; border_radii=&#8221;off|||50px|&#8221; global_colors_info=&#8221;{}&#8221; custom_css_main_element_last_edited=&#8221;on|tablet&#8221; custom_css_main_element_tablet=&#8221;width: 45% !important;||margin: 5%;&#8221; custom_css_main_element_phone=&#8221;width: 100%;&#8221;][et_pb_image src=&#8221;https:\/\/www.cosmetinlyon.com\/wp-content\/uploads\/2023\/10\/Rectangle-13-3.jpg&#8221; title_text=&#8221;Rectangle 13-3&#8243; align=&#8221;center&#8221; _builder_version=&#8221;4.22.1&#8243; _module_preset=&#8221;default&#8221; background_color=&#8221;#FFFFFF&#8221; global_colors_info=&#8221;{}&#8221;][\/et_pb_image][et_pb_text _builder_version=&#8221;4.22.1&#8243; _module_preset=&#8221;default&#8221; text_font=&#8221;|700|||||||&#8221; text_font_size=&#8221;22px&#8221; background_color=&#8221;#F4E2E0&#8243; custom_padding=&#8221;10px|16px||16px|false|false&#8221; border_radii=&#8221;off|||50px|&#8221; global_colors_info=&#8221;{}&#8221; link_text_color__hover_enabled=&#8221;on|hover&#8221; link_text_color__hover=&#8221;#BF6860&#8243;]Anne Charpentier<br \/>\n[\/et_pb_text][et_pb_text _builder_version=&#8221;4.22.1&#8243; _module_preset=&#8221;default&#8221; text_line_height=&#8221;1.4em&#8221; background_color=&#8221;#F4E2E0&#8243; custom_padding=&#8221;5px|16px|0px|16px|false|false&#8221; border_radii=&#8221;off|||50px|&#8221; global_colors_info=&#8221;{}&#8221; link_text_color__hover_enabled=&#8221;on|hover&#8221; link_text_color__hover=&#8221;#BF6860&#8243;]<strong>Assistant Secretary<\/strong><br \/>\nCEO of Skinobs<br \/>\n[\/et_pb_text][et_pb_social_media_follow _builder_version=&#8221;4.22.1&#8243; _module_preset=&#8221;default&#8221; custom_margin=&#8221;0px||||false|false&#8221; custom_padding=&#8221;0px|||10px|false|false&#8221; global_colors_info=&#8221;{}&#8221;][et_pb_social_media_follow_network social_network=&#8221;linkedin&#8221; url=&#8221;https:\/\/www.linkedin.com\/in\/annecharpentier-skinobs\/&#8221; icon_color=&#8221;#025373&#8243; use_icon_font_size=&#8221;on&#8221; _builder_version=&#8221;4.22.1&#8243; _module_preset=&#8221;default&#8221; background_color=&#8221;RGBA(255,255,255,0)&#8221; background_enable_color=&#8221;on&#8221; global_colors_info=&#8221;{}&#8221; icon_color__hover_enabled=&#8221;on|hover&#8221; icon_color__hover=&#8221;#BF6860&#8243; icon_font_size__hover_enabled=&#8221;on|desktop&#8221; follow_button=&#8221;off&#8221; url_new_window=&#8221;on&#8221;]linkedin[\/et_pb_social_media_follow_network][\/et_pb_social_media_follow][\/et_pb_column][et_pb_column type=&#8221;1_5&#8243; _builder_version=&#8221;4.22.1&#8243; _module_preset=&#8221;default&#8221; background_color=&#8221;#F4E2E0&#8243; custom_padding=&#8221;||||false|false&#8221; custom_css_main_element=&#8221;margin-right: 20px !important;&#8221; border_radii=&#8221;off|||50px|&#8221; global_colors_info=&#8221;{}&#8221; custom_css_main_element_last_edited=&#8221;on|tablet&#8221; custom_css_main_element_tablet=&#8221;width: 45% !important;||margin: 5%;&#8221; custom_css_main_element_phone=&#8221;width: 100%;&#8221;][et_pb_image src=&#8221;https:\/\/www.cosmetinlyon.com\/wp-content\/uploads\/2023\/10\/Aurelie-Pagnon.jpg&#8221; title_text=&#8221;Aurelie-Pagnon&#8221; align=&#8221;center&#8221; _builder_version=&#8221;4.22.1&#8243; _module_preset=&#8221;default&#8221; background_color=&#8221;#FFFFFF&#8221; global_colors_info=&#8221;{}&#8221;][\/et_pb_image][et_pb_text _builder_version=&#8221;4.22.1&#8243; _module_preset=&#8221;default&#8221; text_font=&#8221;|700|||||||&#8221; text_font_size=&#8221;22px&#8221; background_color=&#8221;#F4E2E0&#8243; custom_padding=&#8221;10px|16px||16px|false|false&#8221; border_radii=&#8221;off|||50px|&#8221; global_colors_info=&#8221;{}&#8221; link_text_color__hover_enabled=&#8221;on|hover&#8221; link_text_color__hover=&#8221;#BF6860&#8243;]Aur\u00e9lie PAGNON-MINOT<br \/>\n[\/et_pb_text][et_pb_text _builder_version=&#8221;4.22.1&#8243; _module_preset=&#8221;default&#8221; text_line_height=&#8221;1.4em&#8221; background_color=&#8221;#F4E2E0&#8243; custom_padding=&#8221;5px|16px|0px|16px|false|false&#8221; border_radii=&#8221;off|||50px|&#8221; global_colors_info=&#8221;{}&#8221; link_text_color__hover_enabled=&#8221;on|hover&#8221; link_text_color__hover=&#8221;#BF6860&#8243;]<strong>Treasurer<\/strong><br \/>\nR&amp;D Manager at Novotec<br \/>\n[\/et_pb_text][et_pb_social_media_follow _builder_version=&#8221;4.22.1&#8243; _module_preset=&#8221;default&#8221; custom_margin=&#8221;0px||||false|false&#8221; custom_padding=&#8221;0px|||10px|false|false&#8221; global_colors_info=&#8221;{}&#8221;][et_pb_social_media_follow_network social_network=&#8221;linkedin&#8221; url=&#8221;https:\/\/www.linkedin.com\/in\/aur%C3%A9lie-pagnon-minot-79037228\/&#8221; icon_color=&#8221;#025373&#8243; use_icon_font_size=&#8221;on&#8221; _builder_version=&#8221;4.22.1&#8243; _module_preset=&#8221;default&#8221; background_color=&#8221;RGBA(255,255,255,0)&#8221; background_enable_color=&#8221;on&#8221; global_colors_info=&#8221;{}&#8221; icon_color__hover_enabled=&#8221;on|hover&#8221; icon_color__hover=&#8221;#BF6860&#8243; icon_font_size__hover_enabled=&#8221;on|desktop&#8221; follow_button=&#8221;off&#8221; url_new_window=&#8221;on&#8221;]linkedin[\/et_pb_social_media_follow_network][\/et_pb_social_media_follow][\/et_pb_column][\/et_pb_row][et_pb_row column_structure=&#8221;1_2,1_2&#8243; use_custom_gutter=&#8221;on&#8221; gutter_width=&#8221;2&#8243; make_equal=&#8221;on&#8221; _builder_version=&#8221;4.22.1&#8243; _module_preset=&#8221;default&#8221; width=&#8221;100%&#8221; max_width=&#8221;1440px&#8221; custom_margin=&#8221;0px||16px||false|false&#8221; custom_padding=&#8221;9px||0px||false|false&#8221; locked=&#8221;off&#8221; global_colors_info=&#8221;{}&#8221;][et_pb_column type=&#8221;1_2&#8243; _builder_version=&#8221;4.22.1&#8243; _module_preset=&#8221;default&#8221; global_colors_info=&#8221;{}&#8221;][et_pb_text _builder_version=&#8221;4.23.1&#8243; _module_preset=&#8221;default&#8221; text_font=&#8221;|700|||||||&#8221; text_orientation=&#8221;right&#8221; custom_margin=&#8221;0px||0px||false|false&#8221; text_orientation_tablet=&#8221;left&#8221; text_orientation_phone=&#8221;left&#8221; text_orientation_last_edited=&#8221;on|phone&#8221; global_colors_info=&#8221;{}&#8221;][\/et_pb_text][et_pb_text _builder_version=&#8221;4.23.1&#8243; _module_preset=&#8221;default&#8221; custom_margin=&#8221;32px||32px||false|false&#8221; global_colors_info=&#8221;{}&#8221;]<\/p>\n<h3>Employees<\/h3>\n<p>[\/et_pb_text][\/et_pb_column][et_pb_column type=&#8221;1_2&#8243; _builder_version=&#8221;4.22.1&#8243; _module_preset=&#8221;default&#8221; global_colors_info=&#8221;{}&#8221;][\/et_pb_column][\/et_pb_row][et_pb_row column_structure=&#8221;1_5,1_5,1_5,1_5,1_5&#8243; use_custom_gutter=&#8221;on&#8221; make_equal=&#8221;on&#8221; module_class=&#8221;alignement-vertical&#8221; _builder_version=&#8221;4.22.1&#8243; _module_preset=&#8221;default&#8221; width=&#8221;100%&#8221; max_width=&#8221;1440px&#8221; module_alignment=&#8221;center&#8221; custom_margin=&#8221;|0px|80px|0px|false|false&#8221; custom_padding=&#8221;0px|0px|0px|0px|true|true&#8221; custom_css_main_element=&#8221;align-items: stretch&#8221; border_radii=&#8221;off||||&#8221; global_colors_info=&#8221;{}&#8221;][et_pb_column type=&#8221;1_5&#8243; _builder_version=&#8221;4.22.1&#8243; _module_preset=&#8221;default&#8221; background_color=&#8221;#F4E2E0&#8243; custom_padding=&#8221;||||false|false&#8221; custom_css_main_element=&#8221;margin-right: 20px !important;&#8221; border_radii=&#8221;off|||50px|&#8221; global_colors_info=&#8221;{}&#8221; custom_css_main_element_last_edited=&#8221;on|tablet&#8221; custom_css_main_element_tablet=&#8221;width: 45% !important;||margin: 5% &#8221; custom_css_main_element_phone=&#8221;width: 100%;&#8221;][et_pb_image src=&#8221;https:\/\/www.cosmetinlyon.com\/wp-content\/uploads\/2023\/10\/Marie-Christine.jpg&#8221; title_text=&#8221;Marie-Christine&#8221; align=&#8221;center&#8221; _builder_version=&#8221;4.22.1&#8243; _module_preset=&#8221;default&#8221; background_color=&#8221;#FFFFFF&#8221; module_alignment=&#8221;center&#8221; global_colors_info=&#8221;{}&#8221;][\/et_pb_image][et_pb_text _builder_version=&#8221;4.22.1&#8243; _module_preset=&#8221;default&#8221; text_font=&#8221;|700|||||||&#8221; text_font_size=&#8221;22px&#8221; background_color=&#8221;#F4E2E0&#8243; custom_padding=&#8221;10px|16px||16px|false|false&#8221; border_radii=&#8221;off||||&#8221; global_colors_info=&#8221;{}&#8221; link_text_color__hover_enabled=&#8221;on|hover&#8221; link_text_color__hover=&#8221;#BF6860&#8243;]Marie-Christine Di Murro<br \/>\n[\/et_pb_text][et_pb_text _builder_version=&#8221;4.22.1&#8243; _module_preset=&#8221;default&#8221; text_line_height=&#8221;1.4em&#8221; background_color=&#8221;#F4E2E0&#8243; custom_padding=&#8221;5px|16px|0px|16px|false|false&#8221; border_radii=&#8221;off||||&#8221; global_colors_info=&#8221;{}&#8221; link_text_color__hover_enabled=&#8221;on|hover&#8221; link_text_color__hover=&#8221;#BF6860&#8243;]Operations Manager<br \/>\n[\/et_pb_text][et_pb_social_media_follow _builder_version=&#8221;4.22.1&#8243; _module_preset=&#8221;default&#8221; custom_margin=&#8221;0px||||false|false&#8221; custom_padding=&#8221;0px|||10px|false|false&#8221; global_colors_info=&#8221;{}&#8221;][et_pb_social_media_follow_network social_network=&#8221;linkedin&#8221; url=&#8221;https:\/\/www.linkedin.com\/in\/marie-christine-di-murro-0765056\/?originalSubdomain=fr&#8221; icon_color=&#8221;#025373&#8243; use_icon_font_size=&#8221;on&#8221; _builder_version=&#8221;4.22.1&#8243; _module_preset=&#8221;default&#8221; background_color=&#8221;RGBA(255,255,255,0)&#8221; background_enable_color=&#8221;on&#8221; global_colors_info=&#8221;{}&#8221; icon_color__hover_enabled=&#8221;on|hover&#8221; icon_color__hover=&#8221;#BF6860&#8243; icon_font_size__hover_enabled=&#8221;on|desktop&#8221; follow_button=&#8221;off&#8221; url_new_window=&#8221;on&#8221;]linkedin[\/et_pb_social_media_follow_network][\/et_pb_social_media_follow][\/et_pb_column][et_pb_column type=&#8221;1_5&#8243; _builder_version=&#8221;4.22.1&#8243; _module_preset=&#8221;default&#8221; background_color=&#8221;#F4E2E0&#8243; custom_padding=&#8221;||||false|false&#8221; custom_css_main_element=&#8221;margin-right: 20px !important;&#8221; border_radii=&#8221;off|||50px|&#8221; global_colors_info=&#8221;{}&#8221; custom_css_main_element_last_edited=&#8221;on|tablet&#8221; custom_css_main_element_tablet=&#8221;width: 45% !important;||margin: 5%;&#8221; custom_css_main_element_phone=&#8221;width: 100%;&#8221;][et_pb_image title_text=&#8221;Photos &#8211; bureausalari\u00e9 (1)&#8221; align=&#8221;center&#8221; _builder_version=&#8221;4.23.1&#8243; _module_preset=&#8221;default&#8221; background_color=&#8221;#FFFFFF&#8221; global_colors_info=&#8221;{}&#8221;][\/et_pb_image][et_pb_text _builder_version=&#8221;4.23.1&#8243; _module_preset=&#8221;default&#8221; text_font=&#8221;|700|||||||&#8221; text_font_size=&#8221;22px&#8221; background_color=&#8221;#F4E2E0&#8243; custom_padding=&#8221;10px|16px||16px|false|false&#8221; border_radii=&#8221;off|||50px|&#8221; global_colors_info=&#8221;{}&#8221; link_text_color__hover_enabled=&#8221;on|hover&#8221; link_text_color__hover=&#8221;#BF6860&#8243;][\/et_pb_text][et_pb_text _builder_version=&#8221;4.23.1&#8243; _module_preset=&#8221;default&#8221; text_line_height=&#8221;1.4em&#8221; background_color=&#8221;#F4E2E0&#8243; custom_margin=&#8221;||10px||false|false&#8221; custom_padding=&#8221;5px|16px|0px|16px|false|false&#8221; border_radii=&#8221;off|||50px|&#8221; global_colors_info=&#8221;{}&#8221; link_text_color__hover_enabled=&#8221;on|hover&#8221; link_text_color__hover=&#8221;#BF6860&#8243;][\/et_pb_text][\/et_pb_column][et_pb_column type=&#8221;1_5&#8243; _builder_version=&#8221;4.22.1&#8243; _module_preset=&#8221;default&#8221; background_color=&#8221;RGBA(255,255,255,0)&#8221; custom_padding=&#8221;||||false|false&#8221; custom_css_main_element=&#8221;margin-right: 20px !important;&#8221; border_radii=&#8221;off|||50px|&#8221; global_colors_info=&#8221;{}&#8221; custom_css_main_element_last_edited=&#8221;on|tablet&#8221; custom_css_main_element_tablet=&#8221;width: 45% !important;||margin: 5%;&#8221; custom_css_main_element_phone=&#8221;width: 100%;&#8221;][\/et_pb_column][et_pb_column type=&#8221;1_5&#8243; _builder_version=&#8221;4.22.1&#8243; _module_preset=&#8221;default&#8221; background_color=&#8221;RGBA(255,255,255,0)&#8221; custom_padding=&#8221;||||false|false&#8221; custom_css_main_element=&#8221;margin-right: 20px !important;&#8221; border_radii=&#8221;off|||50px|&#8221; global_colors_info=&#8221;{}&#8221; custom_css_main_element_last_edited=&#8221;on|tablet&#8221; custom_css_main_element_tablet=&#8221;width: 45% !important;||margin: 5%;&#8221; custom_css_main_element_phone=&#8221;width: 100%;&#8221;][\/et_pb_column][et_pb_column type=&#8221;1_5&#8243; _builder_version=&#8221;4.22.1&#8243; _module_preset=&#8221;default&#8221; background_color=&#8221;RGBA(255,255,255,0)&#8221; custom_padding=&#8221;||||false|false&#8221; custom_css_main_element=&#8221;margin-right: 20px !important;&#8221; border_radii=&#8221;off|||50px|&#8221; global_colors_info=&#8221;{}&#8221; custom_css_main_element_last_edited=&#8221;on|tablet&#8221; custom_css_main_element_tablet=&#8221;width: 45% !important;||margin: 5%;&#8221; custom_css_main_element_phone=&#8221;width: 100%;&#8221;][\/et_pb_column][\/et_pb_row][et_pb_row _builder_version=&#8221;4.22.1&#8243; _module_preset=&#8221;default&#8221; width=&#8221;100%&#8221; max_width=&#8221;1440px&#8221; custom_margin=&#8221;0px||0px||false|false&#8221; custom_padding=&#8221;0px||0px||false|false&#8221; locked=&#8221;off&#8221; global_colors_info=&#8221;{}&#8221;][et_pb_column type=&#8221;4_4&#8243; _builder_version=&#8221;4.22.1&#8243; _module_preset=&#8221;default&#8221; global_colors_info=&#8221;{}&#8221;][et_pb_text _builder_version=&#8221;4.23.1&#8243; _module_preset=&#8221;default&#8221; custom_margin=&#8221;32px||32px||false|false&#8221; global_colors_info=&#8221;{}&#8221;]<\/p>\n<h3>Board members<\/h3>\n<p>[\/et_pb_text][\/et_pb_column][\/et_pb_row][et_pb_row column_structure=&#8221;1_2,1_2&#8243; use_custom_gutter=&#8221;on&#8221; gutter_width=&#8221;2&#8243; make_equal=&#8221;on&#8221; _builder_version=&#8221;4.22.1&#8243; _module_preset=&#8221;default&#8221; width=&#8221;100%&#8221; max_width=&#8221;1440px&#8221; custom_margin=&#8221;0px||16px||false|false&#8221; custom_padding=&#8221;0px||0px||false|false&#8221; locked=&#8221;off&#8221; global_colors_info=&#8221;{}&#8221;][et_pb_column type=&#8221;1_2&#8243; _builder_version=&#8221;4.22.1&#8243; _module_preset=&#8221;default&#8221; global_colors_info=&#8221;{}&#8221;][et_pb_text _builder_version=&#8221;4.22.1&#8243; _module_preset=&#8221;default&#8221; text_font=&#8221;|700|||||||&#8221; text_orientation=&#8221;right&#8221; custom_margin=&#8221;0px||0px||false|false&#8221; text_orientation_tablet=&#8221;left&#8221; text_orientation_phone=&#8221;left&#8221; text_orientation_last_edited=&#8221;on|phone&#8221; global_colors_info=&#8221;{}&#8221;]Dominique BOUVIER<br \/>\n[\/et_pb_text][\/et_pb_column][et_pb_column type=&#8221;1_2&#8243; _builder_version=&#8221;4.22.1&#8243; _module_preset=&#8221;default&#8221; global_colors_info=&#8221;{}&#8221;][et_pb_text _builder_version=&#8221;4.23.1&#8243; _module_preset=&#8221;default&#8221; global_colors_info=&#8221;{}&#8221;]<\/p>\n<p>past President, Strand Cosmetics Europe<\/p>\n<p>[\/et_pb_text][\/et_pb_column][\/et_pb_row][et_pb_row column_structure=&#8221;1_2,1_2&#8243; use_custom_gutter=&#8221;on&#8221; gutter_width=&#8221;2&#8243; make_equal=&#8221;on&#8221; _builder_version=&#8221;4.22.1&#8243; _module_preset=&#8221;default&#8221; width=&#8221;100%&#8221; max_width=&#8221;1440px&#8221; custom_margin=&#8221;0px||16px||false|false&#8221; custom_padding=&#8221;0px||0px||false|false&#8221; locked=&#8221;off&#8221; global_colors_info=&#8221;{}&#8221;][et_pb_column type=&#8221;1_2&#8243; _builder_version=&#8221;4.22.1&#8243; _module_preset=&#8221;default&#8221; global_colors_info=&#8221;{}&#8221;][et_pb_text _builder_version=&#8221;4.22.1&#8243; _module_preset=&#8221;default&#8221; text_font=&#8221;|700|||||||&#8221; text_orientation=&#8221;right&#8221; custom_margin=&#8221;0px||0px||false|false&#8221; text_orientation_tablet=&#8221;left&#8221; text_orientation_phone=&#8221;left&#8221; text_orientation_last_edited=&#8221;on|phone&#8221; global_colors_info=&#8221;{}&#8221;]Nico FORRAZ<br \/>\n[\/et_pb_text][\/et_pb_column][et_pb_column type=&#8221;1_2&#8243; _builder_version=&#8221;4.22.1&#8243; _module_preset=&#8221;default&#8221; global_colors_info=&#8221;{}&#8221;][et_pb_text _builder_version=&#8221;4.22.1&#8243; _module_preset=&#8221;default&#8221; global_colors_info=&#8221;{}&#8221;]<\/p>\n<p>past Pr\u00e9sident, CTIBiotech<\/p>\n<p>[\/et_pb_text][\/et_pb_column][\/et_pb_row][et_pb_row column_structure=&#8221;1_2,1_2&#8243; use_custom_gutter=&#8221;on&#8221; gutter_width=&#8221;2&#8243; make_equal=&#8221;on&#8221; _builder_version=&#8221;4.22.1&#8243; _module_preset=&#8221;default&#8221; width=&#8221;100%&#8221; max_width=&#8221;1440px&#8221; custom_margin=&#8221;0px||16px||false|false&#8221; custom_padding=&#8221;0px||0px||false|false&#8221; locked=&#8221;off&#8221; global_colors_info=&#8221;{}&#8221;][et_pb_column type=&#8221;1_2&#8243; _builder_version=&#8221;4.22.1&#8243; _module_preset=&#8221;default&#8221; global_colors_info=&#8221;{}&#8221;][et_pb_text _builder_version=&#8221;4.22.1&#8243; _module_preset=&#8221;default&#8221; text_font=&#8221;|700|||||||&#8221; text_orientation=&#8221;right&#8221; custom_margin=&#8221;0px||0px||false|false&#8221; text_orientation_tablet=&#8221;left&#8221; text_orientation_phone=&#8221;left&#8221; text_orientation_last_edited=&#8221;on|phone&#8221; global_colors_info=&#8221;{}&#8221;]Nicolas BECHETOILLE<br \/>\n[\/et_pb_text][\/et_pb_column][et_pb_column type=&#8221;1_2&#8243; _builder_version=&#8221;4.22.1&#8243; _module_preset=&#8221;default&#8221; global_colors_info=&#8221;{}&#8221;][et_pb_text _builder_version=&#8221;4.22.1&#8243; _module_preset=&#8221;default&#8221; global_colors_info=&#8221;{}&#8221;]Gattefoss\u00e9<br \/>\n[\/et_pb_text][\/et_pb_column][\/et_pb_row][et_pb_row column_structure=&#8221;1_2,1_2&#8243; use_custom_gutter=&#8221;on&#8221; gutter_width=&#8221;2&#8243; make_equal=&#8221;on&#8221; _builder_version=&#8221;4.22.1&#8243; _module_preset=&#8221;default&#8221; width=&#8221;100%&#8221; max_width=&#8221;1440px&#8221; custom_margin=&#8221;0px||16px||false|false&#8221; custom_padding=&#8221;0px||0px||false|false&#8221; locked=&#8221;off&#8221; global_colors_info=&#8221;{}&#8221;][et_pb_column type=&#8221;1_2&#8243; _builder_version=&#8221;4.22.1&#8243; _module_preset=&#8221;default&#8221; global_colors_info=&#8221;{}&#8221;][et_pb_text _builder_version=&#8221;4.22.1&#8243; _module_preset=&#8221;default&#8221; text_font=&#8221;|700|||||||&#8221; text_orientation=&#8221;right&#8221; custom_margin=&#8221;0px||0px||false|false&#8221; text_orientation_tablet=&#8221;left&#8221; text_orientation_phone=&#8221;left&#8221; text_orientation_last_edited=&#8221;on|phone&#8221; global_colors_info=&#8221;{}&#8221;]Etienne CAMEL<br \/>\n[\/et_pb_text][\/et_pb_column][et_pb_column type=&#8221;1_2&#8243; _builder_version=&#8221;4.22.1&#8243; _module_preset=&#8221;default&#8221; global_colors_info=&#8221;{}&#8221;][et_pb_text _builder_version=&#8221;4.22.1&#8243; _module_preset=&#8221;default&#8221; global_colors_info=&#8221;{}&#8221;]Institute for Clinical Expertise<br \/>\n[\/et_pb_text][\/et_pb_column][\/et_pb_row][et_pb_row column_structure=&#8221;1_2,1_2&#8243; use_custom_gutter=&#8221;on&#8221; gutter_width=&#8221;2&#8243; make_equal=&#8221;on&#8221; _builder_version=&#8221;4.22.1&#8243; _module_preset=&#8221;default&#8221; width=&#8221;100%&#8221; max_width=&#8221;1440px&#8221; custom_margin=&#8221;0px||16px||false|false&#8221; custom_padding=&#8221;0px||0px||false|false&#8221; locked=&#8221;off&#8221; global_colors_info=&#8221;{}&#8221;][et_pb_column type=&#8221;1_2&#8243; _builder_version=&#8221;4.22.1&#8243; _module_preset=&#8221;default&#8221; global_colors_info=&#8221;{}&#8221;][et_pb_text _builder_version=&#8221;4.22.1&#8243; _module_preset=&#8221;default&#8221; text_font=&#8221;|700|||||||&#8221; text_orientation=&#8221;right&#8221; custom_margin=&#8221;0px||0px||false|false&#8221; text_orientation_tablet=&#8221;left&#8221; text_orientation_phone=&#8221;left&#8221; text_orientation_last_edited=&#8221;on|phone&#8221; global_colors_info=&#8221;{}&#8221;]Dominique SIGAUDO-ROUSSEL<br \/>\n[\/et_pb_text][\/et_pb_column][et_pb_column type=&#8221;1_2&#8243; _builder_version=&#8221;4.22.1&#8243; _module_preset=&#8221;default&#8221; global_colors_info=&#8221;{}&#8221;][et_pb_text _builder_version=&#8221;4.22.1&#8243; _module_preset=&#8221;default&#8221; global_colors_info=&#8221;{}&#8221;]LBTI, Lyon 1 University<br \/>\n[\/et_pb_text][\/et_pb_column][\/et_pb_row][et_pb_row column_structure=&#8221;1_2,1_2&#8243; use_custom_gutter=&#8221;on&#8221; gutter_width=&#8221;2&#8243; make_equal=&#8221;on&#8221; _builder_version=&#8221;4.22.1&#8243; _module_preset=&#8221;default&#8221; width=&#8221;100%&#8221; max_width=&#8221;1440px&#8221; custom_margin=&#8221;0px||16px||false|false&#8221; custom_padding=&#8221;0px||0px||false|false&#8221; locked=&#8221;off&#8221; global_colors_info=&#8221;{}&#8221;][et_pb_column type=&#8221;1_2&#8243; _builder_version=&#8221;4.22.1&#8243; _module_preset=&#8221;default&#8221; global_colors_info=&#8221;{}&#8221;][et_pb_text _builder_version=&#8221;4.22.1&#8243; _module_preset=&#8221;default&#8221; text_font=&#8221;|700|||||||&#8221; text_orientation=&#8221;right&#8221; custom_margin=&#8221;0px||0px||false|false&#8221; text_orientation_tablet=&#8221;left&#8221; text_orientation_phone=&#8221;left&#8221; text_orientation_last_edited=&#8221;on|phone&#8221; global_colors_info=&#8221;{}&#8221;]Philippe MSIKA<br \/>\n[\/et_pb_text][\/et_pb_column][et_pb_column type=&#8221;1_2&#8243; _builder_version=&#8221;4.22.1&#8243; _module_preset=&#8221;default&#8221; global_colors_info=&#8221;{}&#8221;][et_pb_text _builder_version=&#8221;4.22.1&#8243; _module_preset=&#8221;default&#8221; global_colors_info=&#8221;{}&#8221;][\/et_pb_text][\/et_pb_column][\/et_pb_row][et_pb_row column_structure=&#8221;1_2,1_2&#8243; use_custom_gutter=&#8221;on&#8221; gutter_width=&#8221;2&#8243; make_equal=&#8221;on&#8221; _builder_version=&#8221;4.22.1&#8243; _module_preset=&#8221;default&#8221; width=&#8221;100%&#8221; max_width=&#8221;1440px&#8221; custom_margin=&#8221;0px||16px||false|false&#8221; custom_padding=&#8221;0px||0px||false|false&#8221; locked=&#8221;off&#8221; global_colors_info=&#8221;{}&#8221;][et_pb_column type=&#8221;1_2&#8243; _builder_version=&#8221;4.22.1&#8243; _module_preset=&#8221;default&#8221; global_colors_info=&#8221;{}&#8221;][et_pb_text _builder_version=&#8221;4.22.1&#8243; _module_preset=&#8221;default&#8221; text_font=&#8221;|700|||||||&#8221; text_orientation=&#8221;right&#8221; custom_margin=&#8221;0px||0px||false|false&#8221; text_orientation_tablet=&#8221;left&#8221; text_orientation_phone=&#8221;left&#8221; text_orientation_last_edited=&#8221;on|phone&#8221; global_colors_info=&#8221;{}&#8221;]J\u00e9r\u00f4me LAMARTINE<br \/>\n[\/et_pb_text][\/et_pb_column][et_pb_column type=&#8221;1_2&#8243; _builder_version=&#8221;4.22.1&#8243; _module_preset=&#8221;default&#8221; global_colors_info=&#8221;{}&#8221;][et_pb_text _builder_version=&#8221;4.22.1&#8243; _module_preset=&#8221;default&#8221; global_colors_info=&#8221;{}&#8221;]LBTI, Lyon 1 University<br \/>\n[\/et_pb_text][\/et_pb_column][\/et_pb_row][et_pb_row column_structure=&#8221;1_2,1_2&#8243; use_custom_gutter=&#8221;on&#8221; gutter_width=&#8221;2&#8243; make_equal=&#8221;on&#8221; _builder_version=&#8221;4.22.1&#8243; _module_preset=&#8221;default&#8221; width=&#8221;100%&#8221; max_width=&#8221;1440px&#8221; custom_margin=&#8221;0px||16px||false|false&#8221; custom_padding=&#8221;0px||0px||false|false&#8221; locked=&#8221;off&#8221; global_colors_info=&#8221;{}&#8221;][et_pb_column type=&#8221;1_2&#8243; _builder_version=&#8221;4.22.1&#8243; _module_preset=&#8221;default&#8221; global_colors_info=&#8221;{}&#8221;][et_pb_text _builder_version=&#8221;4.22.1&#8243; _module_preset=&#8221;default&#8221; text_font=&#8221;|700|||||||&#8221; text_orientation=&#8221;right&#8221; custom_margin=&#8221;0px||0px||false|false&#8221; text_orientation_tablet=&#8221;left&#8221; text_orientation_phone=&#8221;left&#8221; text_orientation_last_edited=&#8221;on|phone&#8221; global_colors_info=&#8221;{}&#8221;]Elodie METRAL<br \/>\n[\/et_pb_text][\/et_pb_column][et_pb_column type=&#8221;1_2&#8243; _builder_version=&#8221;4.22.1&#8243; _module_preset=&#8221;default&#8221; global_colors_info=&#8221;{}&#8221;][et_pb_text _builder_version=&#8221;4.22.1&#8243; _module_preset=&#8221;default&#8221; global_colors_info=&#8221;{}&#8221;]Nagase<br \/>\n[\/et_pb_text][\/et_pb_column][\/et_pb_row][et_pb_row column_structure=&#8221;1_2,1_2&#8243; use_custom_gutter=&#8221;on&#8221; gutter_width=&#8221;2&#8243; make_equal=&#8221;on&#8221; _builder_version=&#8221;4.23.1&#8243; _module_preset=&#8221;default&#8221; width=&#8221;100%&#8221; max_width=&#8221;1440px&#8221; custom_margin=&#8221;0px||16px||false|false&#8221; custom_padding=&#8221;0px||0px||false|false&#8221; locked=&#8221;off&#8221; global_colors_info=&#8221;{}&#8221;][et_pb_column type=&#8221;1_2&#8243; _builder_version=&#8221;4.22.1&#8243; _module_preset=&#8221;default&#8221; global_colors_info=&#8221;{}&#8221;][et_pb_text _builder_version=&#8221;4.22.1&#8243; _module_preset=&#8221;default&#8221; text_font=&#8221;|700|||||||&#8221; text_orientation=&#8221;right&#8221; custom_margin=&#8221;0px||0px||false|false&#8221; text_orientation_tablet=&#8221;left&#8221; text_orientation_phone=&#8221;left&#8221; text_orientation_last_edited=&#8221;on|phone&#8221; global_colors_info=&#8221;{}&#8221;]<\/p>\n<p>Alexandre GUICHARD<\/p>\n<p>[\/et_pb_text][\/et_pb_column][et_pb_column type=&#8221;1_2&#8243; _builder_version=&#8221;4.22.1&#8243; _module_preset=&#8221;default&#8221; global_colors_info=&#8221;{}&#8221;][et_pb_text _builder_version=&#8221;4.22.1&#8243; _module_preset=&#8221;default&#8221; global_colors_info=&#8221;{}&#8221;]<\/p>\n<p>Netri<\/p>\n<p>[\/et_pb_text][\/et_pb_column][\/et_pb_row][et_pb_row column_structure=&#8221;1_2,1_2&#8243; use_custom_gutter=&#8221;on&#8221; gutter_width=&#8221;2&#8243; make_equal=&#8221;on&#8221; _builder_version=&#8221;4.22.1&#8243; _module_preset=&#8221;default&#8221; width=&#8221;100%&#8221; max_width=&#8221;1440px&#8221; custom_margin=&#8221;0px||16px||false|false&#8221; custom_padding=&#8221;0px||0px||false|false&#8221; locked=&#8221;off&#8221; global_colors_info=&#8221;{}&#8221;][et_pb_column type=&#8221;1_2&#8243; _builder_version=&#8221;4.22.1&#8243; _module_preset=&#8221;default&#8221; global_colors_info=&#8221;{}&#8221;][et_pb_text _builder_version=&#8221;4.22.1&#8243; _module_preset=&#8221;default&#8221; text_font=&#8221;|700|||||||&#8221; text_orientation=&#8221;right&#8221; custom_margin=&#8221;0px||0px||false|false&#8221; text_orientation_tablet=&#8221;left&#8221; text_orientation_phone=&#8221;left&#8221; text_orientation_last_edited=&#8221;on|phone&#8221; global_colors_info=&#8221;{}&#8221;]Jacqueline RESENDE DE AZEVEDO<br \/>\n[\/et_pb_text][\/et_pb_column][et_pb_column type=&#8221;1_2&#8243; _builder_version=&#8221;4.22.1&#8243; _module_preset=&#8221;default&#8221; global_colors_info=&#8221;{}&#8221;][et_pb_text _builder_version=&#8221;4.22.1&#8243; _module_preset=&#8221;default&#8221; global_colors_info=&#8221;{}&#8221;]LAGEPP, Lyon 1 University<br \/>\n[\/et_pb_text][\/et_pb_column][\/et_pb_row][et_pb_row column_structure=&#8221;1_2,1_2&#8243; use_custom_gutter=&#8221;on&#8221; gutter_width=&#8221;2&#8243; make_equal=&#8221;on&#8221; _builder_version=&#8221;4.22.1&#8243; _module_preset=&#8221;default&#8221; width=&#8221;100%&#8221; max_width=&#8221;1440px&#8221; custom_margin=&#8221;0px||16px||false|false&#8221; custom_padding=&#8221;0px||0px||false|false&#8221; locked=&#8221;off&#8221; global_colors_info=&#8221;{}&#8221;][et_pb_column type=&#8221;1_2&#8243; _builder_version=&#8221;4.22.1&#8243; _module_preset=&#8221;default&#8221; global_colors_info=&#8221;{}&#8221;][et_pb_text _builder_version=&#8221;4.22.1&#8243; _module_preset=&#8221;default&#8221; text_font=&#8221;|700|||||||&#8221; text_orientation=&#8221;right&#8221; custom_margin=&#8221;0px||0px||false|false&#8221; text_orientation_tablet=&#8221;left&#8221; text_orientation_phone=&#8221;left&#8221; text_orientation_last_edited=&#8221;on|phone&#8221; global_colors_info=&#8221;{}&#8221;]Marc VOCANSON<br \/>\n[\/et_pb_text][\/et_pb_column][et_pb_column type=&#8221;1_2&#8243; _builder_version=&#8221;4.22.1&#8243; _module_preset=&#8221;default&#8221; global_colors_info=&#8221;{}&#8221;][et_pb_text _builder_version=&#8221;4.22.1&#8243; _module_preset=&#8221;default&#8221; global_colors_info=&#8221;{}&#8221;]INSERM, CIRI<br \/>\n[\/et_pb_text][\/et_pb_column][\/et_pb_row][et_pb_row column_structure=&#8221;1_2,1_2&#8243; use_custom_gutter=&#8221;on&#8221; gutter_width=&#8221;2&#8243; make_equal=&#8221;on&#8221; _builder_version=&#8221;4.22.1&#8243; _module_preset=&#8221;default&#8221; width=&#8221;100%&#8221; max_width=&#8221;1440px&#8221; custom_margin=&#8221;0px||16px||false|false&#8221; custom_padding=&#8221;0px||0px||false|false&#8221; locked=&#8221;off&#8221; global_colors_info=&#8221;{}&#8221;][et_pb_column type=&#8221;1_2&#8243; _builder_version=&#8221;4.22.1&#8243; _module_preset=&#8221;default&#8221; global_colors_info=&#8221;{}&#8221;][et_pb_text _builder_version=&#8221;4.22.1&#8243; _module_preset=&#8221;default&#8221; text_font=&#8221;|700|||||||&#8221; text_orientation=&#8221;right&#8221; custom_margin=&#8221;0px||0px||false|false&#8221; text_orientation_tablet=&#8221;left&#8221; text_orientation_phone=&#8221;left&#8221; text_orientation_last_edited=&#8221;on|phone&#8221; global_colors_info=&#8221;{}&#8221;]Takashi TERAMURA<br \/>\n[\/et_pb_text][\/et_pb_column][et_pb_column type=&#8221;1_2&#8243; _builder_version=&#8221;4.22.1&#8243; _module_preset=&#8221;default&#8221; global_colors_info=&#8221;{}&#8221;][et_pb_text _builder_version=&#8221;4.22.1&#8243; _module_preset=&#8221;default&#8221; global_colors_info=&#8221;{}&#8221;]Kose<br \/>\n[\/et_pb_text][\/et_pb_column][\/et_pb_row][et_pb_row column_structure=&#8221;1_2,1_2&#8243; use_custom_gutter=&#8221;on&#8221; gutter_width=&#8221;2&#8243; make_equal=&#8221;on&#8221; _builder_version=&#8221;4.22.1&#8243; _module_preset=&#8221;default&#8221; width=&#8221;100%&#8221; max_width=&#8221;1440px&#8221; custom_margin=&#8221;0px||16px||false|false&#8221; custom_padding=&#8221;0px||0px||false|false&#8221; locked=&#8221;off&#8221; global_colors_info=&#8221;{}&#8221;][et_pb_column type=&#8221;1_2&#8243; _builder_version=&#8221;4.22.1&#8243; _module_preset=&#8221;default&#8221; global_colors_info=&#8221;{}&#8221;][et_pb_text _builder_version=&#8221;4.22.1&#8243; _module_preset=&#8221;default&#8221; text_font=&#8221;|700|||||||&#8221; text_orientation=&#8221;right&#8221; custom_margin=&#8221;0px||0px||false|false&#8221; text_orientation_tablet=&#8221;left&#8221; text_orientation_phone=&#8221;left&#8221; text_orientation_last_edited=&#8221;on|phone&#8221; global_colors_info=&#8221;{}&#8221;]St\u00e9phanie MOULIN<br \/>\n[\/et_pb_text][\/et_pb_column][et_pb_column type=&#8221;1_2&#8243; _builder_version=&#8221;4.22.1&#8243; _module_preset=&#8221;default&#8221; global_colors_info=&#8221;{}&#8221;][et_pb_text _builder_version=&#8221;4.22.1&#8243; _module_preset=&#8221;default&#8221; global_colors_info=&#8221;{}&#8221;]Equitox<br \/>\n[\/et_pb_text][\/et_pb_column][\/et_pb_row][et_pb_row column_structure=&#8221;1_2,1_2&#8243; use_custom_gutter=&#8221;on&#8221; gutter_width=&#8221;2&#8243; make_equal=&#8221;on&#8221; _builder_version=&#8221;4.22.1&#8243; _module_preset=&#8221;default&#8221; width=&#8221;100%&#8221; max_width=&#8221;1440px&#8221; custom_margin=&#8221;0px||16px||false|false&#8221; custom_padding=&#8221;0px||0px||false|false&#8221; locked=&#8221;off&#8221; global_colors_info=&#8221;{}&#8221;][et_pb_column type=&#8221;1_2&#8243; _builder_version=&#8221;4.22.1&#8243; _module_preset=&#8221;default&#8221; global_colors_info=&#8221;{}&#8221;][et_pb_text _builder_version=&#8221;4.22.1&#8243; _module_preset=&#8221;default&#8221; text_font=&#8221;|700|||||||&#8221; text_orientation=&#8221;right&#8221; custom_margin=&#8221;0px||0px||false|false&#8221; text_orientation_tablet=&#8221;left&#8221; text_orientation_phone=&#8221;left&#8221; text_orientation_last_edited=&#8221;on|phone&#8221; global_colors_info=&#8221;{}&#8221;]Am\u00e9lie THEPOT<br \/>\n[\/et_pb_text][\/et_pb_column][et_pb_column type=&#8221;1_2&#8243; _builder_version=&#8221;4.22.1&#8243; _module_preset=&#8221;default&#8221; global_colors_info=&#8221;{}&#8221;][et_pb_text _builder_version=&#8221;4.22.1&#8243; _module_preset=&#8221;default&#8221; global_colors_info=&#8221;{}&#8221;]LabSkin Creations<br \/>\n[\/et_pb_text][\/et_pb_column][\/et_pb_row][\/et_pb_section]<\/p>\n","protected":false},"excerpt":{"rendered":"<p>L&#8217;association Cosmetin LyonOver the past few years, France has consistently held the top position as the world&#8217;s primary cosmetics exporter, and export sales are projected to surpass \u20ac20 billion by 2022. These remarkable earnings underscore the cosmetics industry&#8217;s pivotal role in the French economy. Qui sommes-nous ? Since 1962, Cosmet&#8217;in Lyon has played a pivotal [&hellip;]<\/p>\n","protected":false},"author":1,"featured_media":0,"parent":0,"menu_order":0,"comment_status":"closed","ping_status":"closed","template":"","meta":{"_et_pb_use_builder":"on","_et_pb_old_content":"","_et_gb_content_width":"","footnotes":""},"acf":[],"yoast_head":"<!-- This site is optimized with the Yoast SEO plugin v21.5 - https:\/\/yoast.com\/wordpress\/plugins\/seo\/ -->\n<title>Who we are - Cosmet&#039;in Lyon<\/title>\n<meta name=\"description\" content=\"Cosmet&#039;in Lyon supports interdisciplinary projects and organizes scientific events in the field of dermo-cosmetics.\" \/>\n<meta name=\"robots\" content=\"index, follow, max-snippet:-1, max-image-preview:large, max-video-preview:-1\" \/>\n<link rel=\"canonical\" href=\"https:\/\/www.cosmetinlyon.com\/en\/who-we-are\/\" \/>\n<meta property=\"og:locale\" content=\"en_US\" \/>\n<meta property=\"og:type\" content=\"article\" \/>\n<meta property=\"og:title\" content=\"Who we are - Cosmet&#039;in Lyon\" \/>\n<meta property=\"og:description\" content=\"Cosmet&#039;in Lyon supports interdisciplinary projects and organizes scientific events in the field of dermo-cosmetics.\" \/>\n<meta property=\"og:site_name\" content=\"Cosmet&#039;in Lyon\" \/>\n<meta property=\"article:modified_time\" content=\"2026-04-13T10:35:51+00:00\" \/>\n<meta property=\"og:image\" content=\"https:\/\/www.cosmetinlyon.com\/wp-content\/uploads\/2023\/09\/Symbole3.png\" \/>\n<meta name=\"twitter:card\" content=\"summary_large_image\" \/>\n<meta name=\"twitter:label1\" content=\"Est. reading time\" \/>\n\t<meta name=\"twitter:data1\" content=\"13 minutes\" \/>\n<script type=\"application\/ld+json\" class=\"yoast-schema-graph\">{\"@context\":\"https:\/\/schema.org\",\"@graph\":[{\"@type\":\"WebPage\",\"@id\":\"https:\/\/www.cosmetinlyon.com\/en\/who-we-are\/\",\"url\":\"https:\/\/www.cosmetinlyon.com\/en\/who-we-are\/\",\"name\":\"Who we are - Cosmet'in Lyon\",\"isPartOf\":{\"@id\":\"https:\/\/www.cosmetinlyon.com\/en\/#website\"},\"datePublished\":\"2023-09-20T13:41:05+00:00\",\"dateModified\":\"2026-04-13T10:35:51+00:00\",\"description\":\"Cosmet'in Lyon supports interdisciplinary projects and organizes scientific events in the field of dermo-cosmetics.\",\"breadcrumb\":{\"@id\":\"https:\/\/www.cosmetinlyon.com\/en\/who-we-are\/#breadcrumb\"},\"inLanguage\":\"en-US\",\"potentialAction\":[{\"@type\":\"ReadAction\",\"target\":[\"https:\/\/www.cosmetinlyon.com\/en\/who-we-are\/\"]}]},{\"@type\":\"BreadcrumbList\",\"@id\":\"https:\/\/www.cosmetinlyon.com\/en\/who-we-are\/#breadcrumb\",\"itemListElement\":[{\"@type\":\"ListItem\",\"position\":1,\"name\":\"Accueil\",\"item\":\"https:\/\/www.cosmetinlyon.com\/en\/cosmetin-lyon\/\"},{\"@type\":\"ListItem\",\"position\":2,\"name\":\"Who we are\"}]},{\"@type\":\"WebSite\",\"@id\":\"https:\/\/www.cosmetinlyon.com\/en\/#website\",\"url\":\"https:\/\/www.cosmetinlyon.com\/en\/\",\"name\":\"Cosmetin Lyon\",\"description\":\"\",\"publisher\":{\"@id\":\"https:\/\/www.cosmetinlyon.com\/en\/#organization\"},\"alternateName\":\"Cosmet'in Lyon\",\"potentialAction\":[{\"@type\":\"SearchAction\",\"target\":{\"@type\":\"EntryPoint\",\"urlTemplate\":\"https:\/\/www.cosmetinlyon.com\/en\/?s={search_term_string}\"},\"query-input\":\"required name=search_term_string\"}],\"inLanguage\":\"en-US\"},{\"@type\":\"Organization\",\"@id\":\"https:\/\/www.cosmetinlyon.com\/en\/#organization\",\"name\":\"Cosmetin Lyon\",\"alternateName\":\"Cosmetin\",\"url\":\"https:\/\/www.cosmetinlyon.com\/en\/\",\"logo\":{\"@type\":\"ImageObject\",\"inLanguage\":\"en-US\",\"@id\":\"https:\/\/www.cosmetinlyon.com\/en\/#\/schema\/logo\/image\/\",\"url\":\"https:\/\/www.cosmetinlyon.com\/wp-content\/uploads\/2023\/09\/Logo-Cosmetin-Bleu-AvecFond.png\",\"contentUrl\":\"https:\/\/www.cosmetinlyon.com\/wp-content\/uploads\/2023\/09\/Logo-Cosmetin-Bleu-AvecFond.png\",\"width\":1500,\"height\":742,\"caption\":\"Cosmetin Lyon\"},\"image\":{\"@id\":\"https:\/\/www.cosmetinlyon.com\/en\/#\/schema\/logo\/image\/\"},\"sameAs\":[\"https:\/\/www.linkedin.com\/in\/cedlyon\/\"]}]}<\/script>\n<!-- \/ Yoast SEO plugin. -->","yoast_head_json":{"title":"Who we are - Cosmet'in Lyon","description":"Cosmet'in Lyon supports interdisciplinary projects and organizes scientific events in the field of dermo-cosmetics.","robots":{"index":"index","follow":"follow","max-snippet":"max-snippet:-1","max-image-preview":"max-image-preview:large","max-video-preview":"max-video-preview:-1"},"canonical":"https:\/\/www.cosmetinlyon.com\/en\/who-we-are\/","og_locale":"en_US","og_type":"article","og_title":"Who we are - Cosmet'in Lyon","og_description":"Cosmet'in Lyon supports interdisciplinary projects and organizes scientific events in the field of dermo-cosmetics.","og_site_name":"Cosmet'in Lyon","article_modified_time":"2026-04-13T10:35:51+00:00","og_image":[{"url":"https:\/\/www.cosmetinlyon.com\/wp-content\/uploads\/2023\/09\/Symbole3.png"}],"twitter_card":"summary_large_image","twitter_misc":{"Est. reading time":"13 minutes"},"schema":{"@context":"https:\/\/schema.org","@graph":[{"@type":"WebPage","@id":"https:\/\/www.cosmetinlyon.com\/en\/who-we-are\/","url":"https:\/\/www.cosmetinlyon.com\/en\/who-we-are\/","name":"Who we are - Cosmet'in Lyon","isPartOf":{"@id":"https:\/\/www.cosmetinlyon.com\/en\/#website"},"datePublished":"2023-09-20T13:41:05+00:00","dateModified":"2026-04-13T10:35:51+00:00","description":"Cosmet'in Lyon supports interdisciplinary projects and organizes scientific events in the field of dermo-cosmetics.","breadcrumb":{"@id":"https:\/\/www.cosmetinlyon.com\/en\/who-we-are\/#breadcrumb"},"inLanguage":"en-US","potentialAction":[{"@type":"ReadAction","target":["https:\/\/www.cosmetinlyon.com\/en\/who-we-are\/"]}]},{"@type":"BreadcrumbList","@id":"https:\/\/www.cosmetinlyon.com\/en\/who-we-are\/#breadcrumb","itemListElement":[{"@type":"ListItem","position":1,"name":"Accueil","item":"https:\/\/www.cosmetinlyon.com\/en\/cosmetin-lyon\/"},{"@type":"ListItem","position":2,"name":"Who we are"}]},{"@type":"WebSite","@id":"https:\/\/www.cosmetinlyon.com\/en\/#website","url":"https:\/\/www.cosmetinlyon.com\/en\/","name":"Cosmetin Lyon","description":"","publisher":{"@id":"https:\/\/www.cosmetinlyon.com\/en\/#organization"},"alternateName":"Cosmet'in Lyon","potentialAction":[{"@type":"SearchAction","target":{"@type":"EntryPoint","urlTemplate":"https:\/\/www.cosmetinlyon.com\/en\/?s={search_term_string}"},"query-input":"required name=search_term_string"}],"inLanguage":"en-US"},{"@type":"Organization","@id":"https:\/\/www.cosmetinlyon.com\/en\/#organization","name":"Cosmetin Lyon","alternateName":"Cosmetin","url":"https:\/\/www.cosmetinlyon.com\/en\/","logo":{"@type":"ImageObject","inLanguage":"en-US","@id":"https:\/\/www.cosmetinlyon.com\/en\/#\/schema\/logo\/image\/","url":"https:\/\/www.cosmetinlyon.com\/wp-content\/uploads\/2023\/09\/Logo-Cosmetin-Bleu-AvecFond.png","contentUrl":"https:\/\/www.cosmetinlyon.com\/wp-content\/uploads\/2023\/09\/Logo-Cosmetin-Bleu-AvecFond.png","width":1500,"height":742,"caption":"Cosmetin Lyon"},"image":{"@id":"https:\/\/www.cosmetinlyon.com\/en\/#\/schema\/logo\/image\/"},"sameAs":["https:\/\/www.linkedin.com\/in\/cedlyon\/"]}]}},"_links":{"self":[{"href":"https:\/\/www.cosmetinlyon.com\/en\/wp-json\/wp\/v2\/pages\/2592"}],"collection":[{"href":"https:\/\/www.cosmetinlyon.com\/en\/wp-json\/wp\/v2\/pages"}],"about":[{"href":"https:\/\/www.cosmetinlyon.com\/en\/wp-json\/wp\/v2\/types\/page"}],"author":[{"embeddable":true,"href":"https:\/\/www.cosmetinlyon.com\/en\/wp-json\/wp\/v2\/users\/1"}],"replies":[{"embeddable":true,"href":"https:\/\/www.cosmetinlyon.com\/en\/wp-json\/wp\/v2\/comments?post=2592"}],"version-history":[{"count":47,"href":"https:\/\/www.cosmetinlyon.com\/en\/wp-json\/wp\/v2\/pages\/2592\/revisions"}],"predecessor-version":[{"id":4672,"href":"https:\/\/www.cosmetinlyon.com\/en\/wp-json\/wp\/v2\/pages\/2592\/revisions\/4672"}],"wp:attachment":[{"href":"https:\/\/www.cosmetinlyon.com\/en\/wp-json\/wp\/v2\/media?parent=2592"}],"curies":[{"name":"wp","href":"https:\/\/api.w.org\/{rel}","templated":true}]}}